{"id":910,"date":"2022-03-01T11:53:05","date_gmt":"2022-03-01T11:53:05","guid":{"rendered":"https:\/\/new.canmauri.com\/?page_id=910"},"modified":"2022-04-07T11:49:08","modified_gmt":"2022-04-07T11:49:08","slug":"els-nostres-espais","status":"publish","type":"page","link":"https:\/\/canmauri.com\/ca\/els-nostres-espais\/","title":{"rendered":"Els nostres espais"},"content":{"rendered":"<div class=\"wpb-content-wrapper\"><p>[vc_row full_width=&#8221;stretch_row&#8221; bg_type=&#8221;image&#8221; bg_image_new=&#8221;1125&#8243; bg_image_repeat=&#8221;no-repeat&#8221;][vc_column]<div class=\"boc_spacing \" style=\"height: 200px\"><\/div>[vc_column_text el_class=&#8221;tituloMenu&#8221;]<\/p>\n<h1 style=\"text-align: center;\">Els nostres espais<\/h1>\n<p>[\/vc_column_text]<div class=\"boc_spacing \" style=\"height: 120px\"><\/div>[\/vc_column][\/vc_row][vc_row][vc_column]<div class=\"boc_spacing \" style=\"height: 80px\"><\/div>[vc_column_text el_class=&#8221;tituloMenu2&#8243;]<\/p>\n<h3 style=\"text-align: center;\">Descobreix els nostres espais i gaudeix d&#8217;un dia inoblidable<\/h3>\n<p>[\/vc_column_text]<div class=\"boc_spacing \" style=\"height: 80px\"><\/div>[\/vc_column][\/vc_row][vc_row full_width=&#8221;stretch_row_content_no_spaces&#8221; equal_height=&#8221;yes&#8221;][vc_column width=&#8221;1\/2&#8243;]<div class=\"boc_spacing \" style=\"height: 75px\"><\/div>[vc_column_text el_class=&#8221;tituloMenu3&#8243; css=&#8221;.vc_custom_1646134733323{margin-right: 70px !important;margin-left: 80px !important;}&#8221;]<\/p>\n<h3>Sal\u00f3 piano<\/h3>\n<p style=\"text-align: justify;\">Una sala acollidora, emmarcada amb un piano de fusta ple d&#8217;hist\u00f2ria, amb un ambient r\u00fastic amb bigues de fusta que recull l&#8217;encant de les sales m\u00e9s tradicionals de la nostra masia.<\/p>\n<p>[\/vc_column_text][\/vc_column][vc_column width=&#8221;1\/2&#8243; css=&#8221;.vc_custom_1649332145706{background-image: url(https:\/\/canmauri.com\/wp-content\/uploads\/2022\/03\/SALA-PIANO.png?id=5830) !important;background-position: center !important;background-repeat: no-repeat !important;background-size: cover !important;}&#8221;]<div class=\"boc_spacing \" style=\"height: 300px\"><\/div>[\/vc_column][\/vc_row][vc_row full_width=&#8221;stretch_row_content_no_spaces&#8221; equal_height=&#8221;yes&#8221;][vc_column width=&#8221;1\/2&#8243; css=&#8221;.vc_custom_1646297762017{background-image: url(\/wp-content\/uploads\/2022\/03\/IMG_3254-scaled.jpg?id=945) !important;background-position: center !important;background-repeat: no-repeat !important;background-size: cover !important;}&#8221;]<div class=\"boc_spacing \" style=\"height: 300px\"><\/div>[\/vc_column][vc_column width=&#8221;1\/2&#8243;]<div class=\"boc_spacing \" style=\"height: 75px\"><\/div>[vc_column_text el_class=&#8221;tituloMenu3&#8243; css=&#8221;.vc_custom_1646134972948{margin-right: 70px !important;margin-left: 80px !important;}&#8221;]<\/p>\n<h3>Sal\u00f3n pedra<\/h3>\n<p style=\"text-align: justify;\">Un sal\u00f3 \u00fanic que et sorprendr\u00e0 amb les seves parets de pedra originals, arcs en portes i finestres que et traslladaran als or\u00edgens de la masia de Can Mauri.<\/p>\n<p>[\/vc_column_text][\/vc_column][\/vc_row][vc_row full_width=&#8221;stretch_row_content_no_spaces&#8221; equal_height=&#8221;yes&#8221;][vc_column width=&#8221;1\/2&#8243;]<div class=\"boc_spacing \" style=\"height: 75px\"><\/div>[vc_column_text el_class=&#8221;tituloMenu3&#8243; css=&#8221;.vc_custom_1646135006364{margin-right: 70px !important;margin-left: 80px !important;}&#8221;]<\/p>\n<h3>Mirador<\/h3>\n<p style=\"text-align: justify;\">Un espai amb vista a tota l&#8217;extensi\u00f3 d&#8217;entorn que embolica la nostra masia. Un espai en plena naturalesa que et transmetr\u00e0 moltes sensacions i es convertir\u00e0 en el marc perfecte per a la teva celebraci\u00f3.<\/p>\n<p>[\/vc_column_text][\/vc_column][vc_column width=&#8221;1\/2&#8243; css=&#8221;.vc_custom_1646394897153{background-image: url(\/wp-content\/uploads\/2022\/03\/VISIONDIGITAL-0013-1-scaled.jpg?id=1180) !important;background-position: center !important;background-repeat: no-repeat !important;background-size: cover !important;}&#8221;]<div class=\"boc_spacing \" style=\"height: 300px\"><\/div>[\/vc_column][\/vc_row][vc_row full_width=&#8221;stretch_row_content_no_spaces&#8221; equal_height=&#8221;yes&#8221;][vc_column width=&#8221;1\/2&#8243; css=&#8221;.vc_custom_1646388757085{background-image: url(\/wp-content\/uploads\/2022\/03\/boveda-1-scaled-e1646388268123.jpg?id=1099) !important;background-position: center !important;background-repeat: no-repeat !important;background-size: cover !important;}&#8221;]<div class=\"boc_spacing \" style=\"height: 300px\"><\/div>[\/vc_column][vc_column width=&#8221;1\/2&#8243;]<div class=\"boc_spacing \" style=\"height: 75px\"><\/div>[vc_column_text el_class=&#8221;tituloMenu3&#8243; css=&#8221;.vc_custom_1646135204531{margin-right: 70px !important;margin-left: 80px !important;}&#8221;]<\/p>\n<h3>Volta<\/h3>\n<p style=\"text-align: justify;\">La nostra sala voltada no pot tenir m\u00e9s encant. Un espai \u00edntim i acollidor amb el seu sostre en forma d&#8217;arc tan caracter\u00edstic \u00e9s el que fa d&#8217;aquest sal\u00f3 un espai tan especial.<\/p>\n<p>[\/vc_column_text][\/vc_column][\/vc_row][vc_row full_width=&#8221;stretch_row_content_no_spaces&#8221; equal_height=&#8221;yes&#8221;][vc_column width=&#8221;1\/2&#8243;]<div class=\"boc_spacing \" style=\"height: 75px\"><\/div>[vc_column_text el_class=&#8221;tituloMenu3&#8243; css=&#8221;.vc_custom_1646135248947{margin-right: 70px !important;margin-left: 80px !important;}&#8221;]<\/p>\n<h3>Saleta<\/h3>\n<p style=\"text-align: justify;\">Un espai perfecte per a petits grups per a celebrar o simplement degustar els nostres plats en la millor de les companyies. Una saleta que us far\u00e0 sentir com a casa.<\/p>\n<p>[\/vc_column_text][\/vc_column][vc_column width=&#8221;1\/2&#8243; css=&#8221;.vc_custom_1646297808587{background-image: url(\/wp-content\/uploads\/2022\/03\/IMG_3888-scaled.jpg?id=949) !important;background-position: center !important;background-repeat: no-repeat !important;background-size: cover !important;}&#8221;]<div class=\"boc_spacing \" style=\"height: 300px\"><\/div>[\/vc_column][\/vc_row][vc_row full_width=&#8221;stretch_row_content_no_spaces&#8221; equal_height=&#8221;yes&#8221;][vc_column width=&#8221;1\/2&#8243; css=&#8221;.vc_custom_1646394935997{background-image: url(\/wp-content\/uploads\/2022\/03\/WhatsApp-Image-2022-03-04-at-12.38.22-PM.jpeg?id=1182) !important;background-position: center !important;background-repeat: no-repeat !important;background-size: cover !important;}&#8221;]<div class=\"boc_spacing \" style=\"height: 300px\"><\/div>[\/vc_column][vc_column width=&#8221;1\/2&#8243;]<div class=\"boc_spacing \" style=\"height: 75px\"><\/div>[vc_column_text el_class=&#8221;tituloMenu3&#8243; css=&#8221;.vc_custom_1646135270034{margin-right: 70px !important;margin-left: 80px !important;}&#8221;]<\/p>\n<h3>Sal\u00f3 pou<\/h3>\n<p style=\"text-align: justify;\">El sal\u00f3 conserva un pou d&#8217;aigua des dels or\u00edgens de la masia que caracteritza aquest espai.<\/p>\n<p>[\/vc_column_text][\/vc_column][\/vc_row][vc_row full_width=&#8221;stretch_row_content_no_spaces&#8221; equal_height=&#8221;yes&#8221;][vc_column width=&#8221;1\/2&#8243;]<div class=\"boc_spacing \" style=\"height: 75px\"><\/div>[vc_column_text el_class=&#8221;tituloMenu3&#8243; css=&#8221;.vc_custom_1646136427291{margin-right: 70px !important;margin-left: 80px !important;}&#8221;]<\/p>\n<h3>Carpa<\/h3>\n<p style=\"text-align: justify;\">La nostra carpa semi-coberta \u00e9s l&#8217;opci\u00f3 ideal per a gaudir dels nostres exteriors, que us encantar\u00e0. La il\u00b7luminaci\u00f3 i decoraci\u00f3 far\u00e0 que passis una estona agradable en companyia dels teus.<\/p>\n<p>[\/vc_column_text][\/vc_column][vc_column width=&#8221;1\/2&#8243; css=&#8221;.vc_custom_1646297822603{background-image: url(\/wp-content\/uploads\/2022\/03\/IMG_5652-scaled.jpg?id=953) !important;background-position: center !important;background-repeat: no-repeat !important;background-size: cover !important;}&#8221;]<div class=\"boc_spacing \" style=\"height: 300px\"><\/div>[\/vc_column][\/vc_row][vc_row full_width=&#8221;stretch_row_content_no_spaces&#8221; equal_height=&#8221;yes&#8221;][vc_column width=&#8221;1\/2&#8243; css=&#8221;.vc_custom_1646388771910{background-image: url(\/wp-content\/uploads\/2022\/03\/0035-scaled-e1646388514572.jpg?id=951) !important;background-position: center !important;background-repeat: no-repeat !important;background-size: cover !important;}&#8221;]<div class=\"boc_spacing \" style=\"height: 300px\"><\/div>[\/vc_column][vc_column width=&#8221;1\/2&#8243;]<div class=\"boc_spacing \" style=\"height: 75px\"><\/div>[vc_column_text el_class=&#8221;tituloMenu3&#8243; css=&#8221;.vc_custom_1646135580922{margin-right: 70px !important;margin-left: 80px !important;}&#8221;]<\/p>\n<h3>Terrassa<\/h3>\n<p style=\"text-align: justify;\">Els nostres exteriors \u00e9s un dels grans privilegis de la nostra masia. Un entorn incomparable enmig de la naturalesa amb uns paisatges i colors que no et deixaran indiferent. L&#8217;espai perfecte per a celebrar a l&#8217;aire lliure.<\/p>\n<p>[\/vc_column_text][\/vc_column][\/vc_row]<\/p>\n<\/div>","protected":false},"excerpt":{"rendered":"<p>[vc_row full_width=&#8221;stretch_row&#8221; bg_type=&#8221;image&#8221; bg_image_new=&#8221;1125&#8243; bg_image_repeat=&#8221;no-repeat&#8221;][vc_column][vc_column_text el_class=&#8221;tituloMenu&#8221;] Els nostres espais [\/vc_column_text][\/vc_column][\/vc_row][vc_row][vc_column][vc_column_text el_class=&#8221;tituloMenu2&#8243;] Descobreix els nostres espais i gaudeix d&#8217;un dia inoblidable [\/vc_column_text][\/vc_column][\/vc_row][vc_row full_width=&#8221;stretch_row_content_no_spaces&#8221; equal_height=&#8221;yes&#8221;][vc_column width=&#8221;1\/2&#8243;][vc_column_text el_class=&#8221;tituloMenu3&#8243; css=&#8221;.vc_custom_1646134733323{margin-right: 70px !important;margin-left: 80px !important;}&#8221;] Sal\u00f3 piano Una sala acollidora, emmarcada amb un piano de fusta ple d&#8217;hist\u00f2ria, amb un ambient r\u00fastic amb bigues de fusta que recull l&#8217;encant de les sales m\u00e9s tradicionals de<\/p>\n<div class=\"h10\"><\/div>\n<p><a class=\"more-link1\" href=\"https:\/\/canmauri.com\/ca\/els-nostres-espais\/\">Read more<\/a><\/p>\n","protected":false},"author":1,"featured_media":0,"parent":0,"menu_order":0,"comment_status":"closed","ping_status":"closed","template":"","meta":{"_vp_format_video_url":"","_vp_image_focal_point":[],"footnotes":""},"class_list":["post-910","page","type-page","status-publish","hentry"],"yoast_head":"<!-- This site is optimized with the Yoast SEO plugin v26.2 - https:\/\/yoast.com\/wordpress\/plugins\/seo\/ -->\n<title>Els nostres espais - Can Mauri<\/title>\n<meta name=\"robots\" content=\"index, follow, max-snippet:-1, max-image-preview:large, max-video-preview:-1\" \/>\n<link rel=\"canonical\" href=\"https:\/\/canmauri.com\/ca\/nuestros-espacios\/\" \/>\n<meta property=\"og:locale\" content=\"ca_ES\" \/>\n<meta property=\"og:type\" content=\"article\" \/>\n<meta property=\"og:title\" content=\"Els nostres espais - Can Mauri\" \/>\n<meta property=\"og:description\" content=\"[vc_row full_width=&#8221;stretch_row&#8221; bg_type=&#8221;image&#8221; bg_image_new=&#8221;1125&#8243; bg_image_repeat=&#8221;no-repeat&#8221;][vc_column][vc_column_text el_class=&#8221;tituloMenu&#8221;] Els nostres espais [\/vc_column_text][\/vc_column][\/vc_row][vc_row][vc_column][vc_column_text el_class=&#8221;tituloMenu2&#8243;] Descobreix els nostres espais i gaudeix d&#8217;un dia inoblidable [\/vc_column_text][\/vc_column][\/vc_row][vc_row full_width=&#8221;stretch_row_content_no_spaces&#8221; equal_height=&#8221;yes&#8221;][vc_column width=&#8221;1\/2&#8243;][vc_column_text el_class=&#8221;tituloMenu3&#8243; css=&#8221;.vc_custom_1646134733323{margin-right: 70px !important;margin-left: 80px !important;}&#8221;] Sal\u00f3 piano Una sala acollidora, emmarcada amb un piano de fusta ple d&#8217;hist\u00f2ria, amb un ambient r\u00fastic amb bigues de fusta que recull l&#8217;encant de les sales m\u00e9s tradicionals deRead more\" \/>\n<meta property=\"og:url\" content=\"https:\/\/canmauri.com\/nuestros-espacios\/\" \/>\n<meta property=\"og:site_name\" content=\"Can Mauri\" \/>\n<meta property=\"article:modified_time\" content=\"2022-04-07T11:49:08+00:00\" \/>\n<meta name=\"twitter:card\" content=\"summary_large_image\" \/>\n<meta name=\"twitter:label1\" content=\"Temps estimat de lectura\" \/>\n\t<meta name=\"twitter:data1\" content=\"5 minuts\" \/>\n<script type=\"application\/ld+json\" class=\"yoast-schema-graph\">{\"@context\":\"https:\/\/schema.org\",\"@graph\":[{\"@type\":\"WebPage\",\"@id\":\"https:\/\/canmauri.com\/nuestros-espacios\/\",\"url\":\"https:\/\/canmauri.com\/nuestros-espacios\/\",\"name\":\"Els nostres espais - Can Mauri\",\"isPartOf\":{\"@id\":\"https:\/\/canmauri.com\/#website\"},\"datePublished\":\"2022-03-01T11:53:05+00:00\",\"dateModified\":\"2022-04-07T11:49:08+00:00\",\"breadcrumb\":{\"@id\":\"https:\/\/canmauri.com\/nuestros-espacios\/#breadcrumb\"},\"inLanguage\":\"ca\",\"potentialAction\":[{\"@type\":\"ReadAction\",\"target\":[\"https:\/\/canmauri.com\/nuestros-espacios\/\"]}]},{\"@type\":\"BreadcrumbList\",\"@id\":\"https:\/\/canmauri.com\/nuestros-espacios\/#breadcrumb\",\"itemListElement\":[{\"@type\":\"ListItem\",\"position\":1,\"name\":\"Portada\",\"item\":\"https:\/\/canmauri.com\/ca\/\"},{\"@type\":\"ListItem\",\"position\":2,\"name\":\"Els nostres espais\"}]},{\"@type\":\"WebSite\",\"@id\":\"https:\/\/canmauri.com\/#website\",\"url\":\"https:\/\/canmauri.com\/\",\"name\":\"Can Mauri\",\"description\":\"\",\"potentialAction\":[{\"@type\":\"SearchAction\",\"target\":{\"@type\":\"EntryPoint\",\"urlTemplate\":\"https:\/\/canmauri.com\/?s={search_term_string}\"},\"query-input\":{\"@type\":\"PropertyValueSpecification\",\"valueRequired\":true,\"valueName\":\"search_term_string\"}}],\"inLanguage\":\"ca\"}]}<\/script>\n<!-- \/ Yoast SEO plugin. -->","yoast_head_json":{"title":"Els nostres espais - Can Mauri","robots":{"index":"index","follow":"follow","max-snippet":"max-snippet:-1","max-image-preview":"max-image-preview:large","max-video-preview":"max-video-preview:-1"},"canonical":"https:\/\/canmauri.com\/ca\/nuestros-espacios\/","og_locale":"ca_ES","og_type":"article","og_title":"Els nostres espais - Can Mauri","og_description":"[vc_row full_width=&#8221;stretch_row&#8221; bg_type=&#8221;image&#8221; bg_image_new=&#8221;1125&#8243; bg_image_repeat=&#8221;no-repeat&#8221;][vc_column][vc_column_text el_class=&#8221;tituloMenu&#8221;] Els nostres espais [\/vc_column_text][\/vc_column][\/vc_row][vc_row][vc_column][vc_column_text el_class=&#8221;tituloMenu2&#8243;] Descobreix els nostres espais i gaudeix d&#8217;un dia inoblidable [\/vc_column_text][\/vc_column][\/vc_row][vc_row full_width=&#8221;stretch_row_content_no_spaces&#8221; equal_height=&#8221;yes&#8221;][vc_column width=&#8221;1\/2&#8243;][vc_column_text el_class=&#8221;tituloMenu3&#8243; css=&#8221;.vc_custom_1646134733323{margin-right: 70px !important;margin-left: 80px !important;}&#8221;] Sal\u00f3 piano Una sala acollidora, emmarcada amb un piano de fusta ple d&#8217;hist\u00f2ria, amb un ambient r\u00fastic amb bigues de fusta que recull l&#8217;encant de les sales m\u00e9s tradicionals deRead more","og_url":"https:\/\/canmauri.com\/nuestros-espacios\/","og_site_name":"Can Mauri","article_modified_time":"2022-04-07T11:49:08+00:00","twitter_card":"summary_large_image","twitter_misc":{"Temps estimat de lectura":"5 minuts"},"schema":{"@context":"https:\/\/schema.org","@graph":[{"@type":"WebPage","@id":"https:\/\/canmauri.com\/nuestros-espacios\/","url":"https:\/\/canmauri.com\/nuestros-espacios\/","name":"Els nostres espais - Can Mauri","isPartOf":{"@id":"https:\/\/canmauri.com\/#website"},"datePublished":"2022-03-01T11:53:05+00:00","dateModified":"2022-04-07T11:49:08+00:00","breadcrumb":{"@id":"https:\/\/canmauri.com\/nuestros-espacios\/#breadcrumb"},"inLanguage":"ca","potentialAction":[{"@type":"ReadAction","target":["https:\/\/canmauri.com\/nuestros-espacios\/"]}]},{"@type":"BreadcrumbList","@id":"https:\/\/canmauri.com\/nuestros-espacios\/#breadcrumb","itemListElement":[{"@type":"ListItem","position":1,"name":"Portada","item":"https:\/\/canmauri.com\/ca\/"},{"@type":"ListItem","position":2,"name":"Els nostres espais"}]},{"@type":"WebSite","@id":"https:\/\/canmauri.com\/#website","url":"https:\/\/canmauri.com\/","name":"Can Mauri","description":"","potentialAction":[{"@type":"SearchAction","target":{"@type":"EntryPoint","urlTemplate":"https:\/\/canmauri.com\/?s={search_term_string}"},"query-input":{"@type":"PropertyValueSpecification","valueRequired":true,"valueName":"search_term_string"}}],"inLanguage":"ca"}]}},"_links":{"self":[{"href":"https:\/\/canmauri.com\/ca\/wp-json\/wp\/v2\/pages\/910","targetHints":{"allow":["GET"]}}],"collection":[{"href":"https:\/\/canmauri.com\/ca\/wp-json\/wp\/v2\/pages"}],"about":[{"href":"https:\/\/canmauri.com\/ca\/wp-json\/wp\/v2\/types\/page"}],"author":[{"embeddable":true,"href":"https:\/\/canmauri.com\/ca\/wp-json\/wp\/v2\/users\/1"}],"replies":[{"embeddable":true,"href":"https:\/\/canmauri.com\/ca\/wp-json\/wp\/v2\/comments?post=910"}],"version-history":[{"count":11,"href":"https:\/\/canmauri.com\/ca\/wp-json\/wp\/v2\/pages\/910\/revisions"}],"predecessor-version":[{"id":5835,"href":"https:\/\/canmauri.com\/ca\/wp-json\/wp\/v2\/pages\/910\/revisions\/5835"}],"wp:attachment":[{"href":"https:\/\/canmauri.com\/ca\/wp-json\/wp\/v2\/media?parent=910"}],"curies":[{"name":"wp","href":"https:\/\/api.w.org\/{rel}","templated":true}]}}