{"id":8261,"date":"2026-02-10T09:15:57","date_gmt":"2026-02-10T08:15:57","guid":{"rendered":"https:\/\/canmauri.com\/?page_id=8261"},"modified":"2026-03-10T09:23:18","modified_gmt":"2026-03-10T08:23:18","slug":"calcotada-en-polinya","status":"publish","type":"page","link":"https:\/\/canmauri.com\/ca\/calcotada-en-polinya\/","title":{"rendered":"Cal\u00e7otada en Poliny\u00e0"},"content":{"rendered":"<div class=\"wpb-content-wrapper\"><p>[vc_row full_width=&#8221;stretch_row&#8221; equal_height=&#8221;yes&#8221; content_placement=&#8221;middle&#8221; bg_type=&#8221;image&#8221; bg_image_new=&#8221;1125&#8243; bg_image_repeat=&#8221;no-repeat&#8221; css=&#8221;.vc_custom_1740396271943{margin-right: 5px !important;margin-left: 5px !important;}&#8221;][vc_column]<div class=\"boc_spacing \" style=\"height: 300px\"><\/div>[vc_column_text css=&#8221;&#8221; el_class=&#8221;tituloMenu&#8221;]<\/p>\n<h1 style=\"text-align: center;\" data-start=\"44\" data-end=\"141\">Cal\u00e7otada en Poliny\u00e0<\/h1>\n<p>[\/vc_column_text]<div class=\"boc_spacing \" style=\"height: 150px\"><\/div>[\/vc_column][\/vc_row][vc_row][vc_column]<div class=\"boc_divider_holder\"><div class=\"boc_divider  \"  style=\"margin-top: 20px;margin-bottom: 20px;height: 3px;background: #ffffff;\"><\/div><\/div>[\/vc_column][\/vc_row][vc_row full_width=&#8221;stretch_row_content_no_spaces&#8221; equal_height=&#8221;yes&#8221; css=&#8221;.vc_custom_1740396287516{margin-right: 5px !important;margin-left: 5px !important;}&#8221;][vc_column width=&#8221;1\/2&#8243;]<div class=\"boc_spacing \" style=\"height: 75px\"><\/div>[vc_column_text css=&#8221;.vc_custom_1773130416487{margin-right: 70px !important;margin-left: 80px !important;}&#8221; el_class=&#8221;tituloMenu3&#8243;]<\/p>\n<h2 data-section-id=\"12sbmun\" data-start=\"4001\" data-end=\"4060\"><strong data-start=\"4004\" data-end=\"4060\">Cal\u00e7otada en Poliny\u00e0: tradici\u00f3 gastron\u00f2mica catalana<\/strong><\/h2>\n<p data-start=\"4062\" data-end=\"4286\">La <strong data-start=\"4065\" data-end=\"4078\">cal\u00e7otada<\/strong> \u00e9s una de les celebracions culin\u00e0ries m\u00e9s emblem\u00e0tiques de Catalunya. A Can Mauri respectem aquesta tradici\u00f3 elaborant els cal\u00e7ots amb producte seleccionat i cuinant-los a la brasa tal com marca la tradici\u00f3.<\/p>\n<p data-start=\"4288\" data-end=\"4442\">Els cal\u00e7ots es serveixen acompanyats de la cl\u00e0ssica salsa romesco elaborada artesanalment, un element imprescindible per gaudir de l\u2019experi\u00e8ncia completa.<\/p>\n<p data-start=\"4444\" data-end=\"4726\">El nostre restaurant combina la cuina tradicional catalana amb una proposta gastron\u00f2mica cuidada. Cada servei est\u00e0 pensat perqu\u00e8 els clients puguin gaudir del ritual complet de la cal\u00e7otada: des dels cal\u00e7ots acabats de fer fins a les carns a la brasa que formen part del men\u00fa t\u00edpic.<\/p>\n<p data-start=\"4728\" data-end=\"4867\">Situat a Poliny\u00e0, Can Mauri \u00e9s l\u2019espai ideal per reunir-se amb fam\u00edlia o amics i gaudir d\u2019una jornada gastron\u00f2mica en un ambient acollidor.<\/p>\n<p>[\/vc_column_text]<div class=\"boc_spacing \" style=\"height: 75px\"><\/div>[\/vc_column][vc_column width=&#8221;1\/2&#8243; css=&#8221;.vc_custom_1773130795879{margin-right: 50px !important;background-image: url(https:\/\/canmauri.com\/wp-content\/uploads\/2026\/03\/Calcotada-en-Polinya-2.png?id=8267) !important;background-position: center !important;background-repeat: no-repeat !important;background-size: cover !important;}&#8221;]<div class=\"boc_spacing \" style=\"height: 500px\"><\/div>[\/vc_column][\/vc_row][vc_row][vc_column]<div class=\"boc_divider_holder\"><div class=\"boc_divider  \"  style=\"margin-top: 20px;margin-bottom: 20px;height: 3px;background: #ffffff;\"><\/div><\/div>[\/vc_column][\/vc_row][vc_row full_width=&#8221;stretch_row_content_no_spaces&#8221; equal_height=&#8221;yes&#8221;][vc_column width=&#8221;1\/2&#8243; css=&#8221;.vc_custom_1773130815214{margin-left: 50px !important;background-image: url(https:\/\/canmauri.com\/wp-content\/uploads\/2026\/03\/Calcotada-en-Polinya-4.png?id=8271) !important;background-position: center !important;background-repeat: no-repeat !important;background-size: cover !important;}&#8221;]<div class=\"boc_spacing \" style=\"height: 500px\"><\/div>[\/vc_column][vc_column width=&#8221;1\/2&#8243;]<div class=\"boc_spacing \" style=\"height: 75px\"><\/div>[vc_column_text css=&#8221;.vc_custom_1773130508399{margin-right: 70px !important;margin-left: 80px !important;}&#8221; el_class=&#8221;tituloMenu3&#8243;]<\/p>\n<h2 data-section-id=\"bjcs2u\" data-start=\"4869\" data-end=\"4922\"><strong data-start=\"4872\" data-end=\"4922\">On gaudir d\u2019una aut\u00e8ntica cal\u00e7otada en Poliny\u00e0<\/strong><\/h2>\n<p data-start=\"4924\" data-end=\"5147\">Escollir el lloc adequat \u00e9s fonamental per viure una bona <strong data-start=\"4982\" data-end=\"5006\">cal\u00e7otada en Poliny\u00e0<\/strong>. A Can Mauri disposem d\u2019espais amplis i confortables pensats perqu\u00e8 els nostres clients puguin gaudir d\u2019aquesta tradici\u00f3 amb tranquil\u00b7litat.<\/p>\n<p data-start=\"5149\" data-end=\"5289\">Els cal\u00e7ots es preparen al moment a la brasa, seguint el m\u00e8tode tradicional, fet que permet mantenir la seva textura i sabor caracter\u00edstics.<\/p>\n<p data-start=\"5291\" data-end=\"5451\">El men\u00fa de cal\u00e7otada es completa amb carns a la brasa, guarnicions tradicionals i postres casolanes que converteixen l\u2019\u00e0pat en una aut\u00e8ntica festa gastron\u00f2mica.<\/p>\n<p data-start=\"5453\" data-end=\"5633\">La combinaci\u00f3 de producte de qualitat, un entorn agradable i un servei professional fa que Can Mauri sigui una refer\u00e8ncia per gaudir de la gastronomia catalana a prop de Barcelona.<\/p>\n<p>[\/vc_column_text]<div class=\"boc_spacing \" style=\"height: 75px\"><\/div>[\/vc_column][\/vc_row][vc_row][vc_column]<div class=\"boc_divider_holder\"><div class=\"boc_divider  \"  style=\"margin-top: 20px;margin-bottom: 20px;height: 3px;background: #ffffff;\"><\/div><\/div>[\/vc_column][\/vc_row][vc_row full_width=&#8221;stretch_row_content_no_spaces&#8221; equal_height=&#8221;yes&#8221;][vc_column width=&#8221;1\/2&#8243;]<div class=\"boc_spacing \" style=\"height: 75px\"><\/div>[vc_column_text css=&#8221;.vc_custom_1773130516500{margin-right: 70px !important;margin-left: 80px !important;}&#8221; el_class=&#8221;tituloMenu3&#8243;]<\/p>\n<h2 data-section-id=\"1v1pvok\" data-start=\"5635\" data-end=\"5688\"><strong data-start=\"5638\" data-end=\"5688\">Viu la millor cal\u00e7otada en Poliny\u00e0 a Can Mauri<\/strong><\/h2>\n<p data-start=\"5690\" data-end=\"5904\">A Can Mauri sabem que una <strong data-start=\"5716\" data-end=\"5740\">cal\u00e7otada en Poliny\u00e0<\/strong> \u00e9s una experi\u00e8ncia social i gastron\u00f2mica que forma part de la cultura catalana. Per aix\u00f2 treballem amb producte de temporada i cuidem cada detall de la preparaci\u00f3.<\/p>\n<p data-start=\"5906\" data-end=\"6045\">El nostre restaurant \u00e9s ideal per celebrar reunions familiars, trobades amb amics o esdeveniments d\u2019empresa durant la temporada de cal\u00e7ots.<\/p>\n<p data-start=\"6047\" data-end=\"6219\">Gr\u00e0cies a la nostra experi\u00e8ncia i al nostre comprom\u00eds amb la qualitat, oferim una experi\u00e8ncia gastron\u00f2mica completa que permet gaudir plenament d\u2019aquesta tradici\u00f3 catalana.<\/p>\n<p>[\/vc_column_text]<div class=\"boc_spacing \" style=\"height: 75px\"><\/div>[\/vc_column][vc_column width=&#8221;1\/2&#8243; css=&#8221;.vc_custom_1773130828348{margin-right: 50px !important;background-image: url(https:\/\/canmauri.com\/wp-content\/uploads\/2026\/03\/Calcotada-en-Polinya-5.png?id=8273) !important;background-position: center !important;background-repeat: no-repeat !important;background-size: cover !important;}&#8221;]<div class=\"boc_spacing \" style=\"height: 500px\"><\/div>[\/vc_column][\/vc_row][vc_row css=&#8221;.vc_custom_1740476851144{margin-top: 100px !important;margin-right: 5px !important;margin-bottom: 50px !important;margin-left: 5px !important;}&#8221;][vc_column width=&#8221;1\/2&#8243;]\n<div class=\"wpcf7 no-js\" id=\"wpcf7-f14-o1\" lang=\"es-ES\" dir=\"ltr\" data-wpcf7-id=\"14\">\n<div class=\"screen-reader-response\"><p role=\"status\" aria-live=\"polite\" aria-atomic=\"true\"><\/p> <ul><\/ul><\/div>\n<form action=\"\/ca\/wp-json\/wp\/v2\/pages\/8261#wpcf7-f14-o1\" method=\"post\" class=\"wpcf7-form init\" aria-label=\"Formulario de contacto\" novalidate=\"novalidate\" data-status=\"init\">\n<fieldset class=\"hidden-fields-container\"><input type=\"hidden\" name=\"_wpcf7\" value=\"14\" \/><input type=\"hidden\" name=\"_wpcf7_version\" value=\"6.1.3\" \/><input type=\"hidden\" name=\"_wpcf7_locale\" value=\"es_ES\" \/><input type=\"hidden\" name=\"_wpcf7_unit_tag\" value=\"wpcf7-f14-o1\" \/><input type=\"hidden\" name=\"_wpcf7_container_post\" value=\"0\" \/><input type=\"hidden\" name=\"_wpcf7_posted_data_hash\" value=\"\" \/><input type=\"hidden\" name=\"_wpcf7_recaptcha_response\" value=\"\" \/>\n<\/fieldset>\n<div class=\"row\">\n\t<div class=\"col-md-6\">\n\t\t<p><span class=\"wpcf7-form-control-wrap\" data-name=\"your-name\"><input size=\"40\" maxlength=\"400\" class=\"wpcf7-form-control wpcf7-text wpcf7-validates-as-required\" aria-required=\"true\" aria-invalid=\"false\" placeholder=\"Nombre y Apellidos*\" value=\"\" type=\"text\" name=\"your-name\" \/><\/span>\n\t\t<\/p>\n\t<\/div>\n\t<div class=\"col-md-6\">\n\t\t<p><span class=\"wpcf7-form-control-wrap\" data-name=\"your-email\"><input size=\"40\" maxlength=\"400\" class=\"wpcf7-form-control wpcf7-email wpcf7-validates-as-required wpcf7-text wpcf7-validates-as-email\" aria-required=\"true\" aria-invalid=\"false\" placeholder=\"Email*\" value=\"\" type=\"email\" name=\"your-email\" \/><\/span>\n\t\t<\/p>\n\t<\/div>\n<\/div>\n<div class=\"row\">\n\t<div class=\"col-md-6\">\n\t\t<p><span class=\"wpcf7-form-control-wrap\" data-name=\"text-114\"><input size=\"40\" maxlength=\"400\" class=\"wpcf7-form-control wpcf7-text wpcf7-validates-as-required\" aria-required=\"true\" aria-invalid=\"false\" placeholder=\"Tel\u00e9fono*\" value=\"\" type=\"text\" name=\"text-114\" \/><\/span>\n\t\t<\/p>\n\t<\/div>\n\t<div class=\"col-md-6\">\n\t\t<p><span class=\"wpcf7-form-control-wrap\" data-name=\"your-subject\"><input size=\"40\" maxlength=\"400\" class=\"wpcf7-form-control wpcf7-text\" aria-invalid=\"false\" placeholder=\"Asunto\" value=\"\" type=\"text\" name=\"your-subject\" \/><\/span>\n\t\t<\/p>\n\t<\/div>\n<\/div>\n<div class=\"row\">\n\t<div class=\"col-md-12\">\n\t\t<p><span class=\"wpcf7-form-control-wrap\" data-name=\"your-message\"><textarea cols=\"40\" rows=\"10\" maxlength=\"2000\" class=\"wpcf7-form-control wpcf7-textarea\" aria-invalid=\"false\" placeholder=\"Mensaje\" name=\"your-message\"><\/textarea><\/span>\n\t\t<\/p>\n\t<\/div>\n\t<div class=\"col-md-12\">\n\t\t<p><span class=\"wpcf7-form-control-wrap\" data-name=\"acceptance-185\"><span class=\"wpcf7-form-control wpcf7-acceptance\"><span class=\"wpcf7-list-item\"><label><input type=\"checkbox\" name=\"acceptance-185\" value=\"1\" aria-invalid=\"false\" \/><span class=\"wpcf7-list-item-label\">He le\u00eddo la <a href=\"\/politica-de-privacidad\/\">pol\u00edtica de privacidad<\/a> y acepto el env\u00edo de la informaci\u00f3n<\/span><\/label><\/span><\/span><\/span>\n\t\t<\/p>\n\t<\/div>\n<\/div>\n<p><input class=\"wpcf7-form-control wpcf7-submit has-spinner\" type=\"submit\" value=\"Enviar\" \/>\n<\/p><div class=\"wpcf7-response-output\" aria-hidden=\"true\"><\/div>\n<\/form>\n<\/div>\n[\/vc_column][vc_column width=&#8221;1\/2&#8243;]<div class=\"side_icon_box normal  \"><span class=\"icon_feat \" style=\"\"><i class=\"icon icon-map-marker2\" style=\"\"><\/i><\/span><h3>Carretera C-155, km 1,5, 08213 Poliny\u00e1, Barcelona<\/h3><div class=\"side_icon_box_content\"><a href=\"https:\/\/www.google.com\/maps\/dir\/\/Restaurant+Can+Mauri,+C-155,+km+1,5,+08213+Sabadell,+Barcelona\/@41.570099,2.128654,15z\/data=!4m8!4m7!1m0!1m5!1m1!1s0x12a495464350381b:0x84b2792e3b141ed0!2m2!1d2.1286539!2d41.5700992?hl=es-ES\">C\u00f3mo llegar<\/a><\/div><\/div><div class=\"side_icon_box normal  \"><span class=\"icon_feat \" style=\"\"><i class=\"icon icon-phone3\" style=\"\"><\/i><\/span><h3>937 43 50 66<\/h3><div class=\"side_icon_box_content\">Solicita tu presupuesto<\/div><\/div><div class=\"side_icon_box normal  \"><span class=\"icon_feat \" style=\"\"><i class=\"icon icon-clock\" style=\"\"><\/i><\/span><h3>Horarios<\/h3><div class=\"side_icon_box_content\">Mi\u00e9rcoles a domingo 13h-16h.<br \/>\nViernes y s\u00e1bado 13h-16h \/ 20h-24h.<\/div><\/div><div class=\"side_icon_box normal  \"><span class=\"icon_feat \" style=\"\"><i class=\"icon icon-mail\" style=\"\"><\/i><\/span><h3><a href=\"mailto:info@restaurantcanmauri.com\" target=\"_self\">info@restaurantcanmauri.com<\/a><\/h3><div class=\"side_icon_box_content\"><\/div><\/div>[\/vc_column][\/vc_row]<\/p>\n<\/div>","protected":false},"excerpt":{"rendered":"<p>[vc_row full_width=&#8221;stretch_row&#8221; equal_height=&#8221;yes&#8221; content_placement=&#8221;middle&#8221; bg_type=&#8221;image&#8221; bg_image_new=&#8221;1125&#8243; bg_image_repeat=&#8221;no-repeat&#8221; css=&#8221;.vc_custom_1740396271943{margin-right: 5px !important;margin-left: 5px !important;}&#8221;][vc_column][vc_column_text css=&#8221;&#8221; el_class=&#8221;tituloMenu&#8221;] Cal\u00e7otada en Poliny\u00e0 [\/vc_column_text][\/vc_column][\/vc_row][vc_row][vc_column][\/vc_column][\/vc_row][vc_row full_width=&#8221;stretch_row_content_no_spaces&#8221; equal_height=&#8221;yes&#8221; css=&#8221;.vc_custom_1740396287516{margin-right: 5px !important;margin-left: 5px !important;}&#8221;][vc_column width=&#8221;1\/2&#8243;][vc_column_text css=&#8221;.vc_custom_1773130416487{margin-right: 70px !important;margin-left: 80px !important;}&#8221; el_class=&#8221;tituloMenu3&#8243;] Cal\u00e7otada en Poliny\u00e0: tradici\u00f3 gastron\u00f2mica catalana La cal\u00e7otada \u00e9s una de les celebracions culin\u00e0ries m\u00e9s emblem\u00e0tiques de Catalunya. A Can Mauri respectem aquesta tradici\u00f3 elaborant els cal\u00e7ots amb<\/p>\n<div class=\"h10\"><\/div>\n<p><a class=\"more-link1\" href=\"https:\/\/canmauri.com\/ca\/calcotada-en-polinya\/\">Read more<\/a><\/p>\n","protected":false},"author":7,"featured_media":0,"parent":0,"menu_order":0,"comment_status":"closed","ping_status":"closed","template":"","meta":{"_vp_format_video_url":"","_vp_image_focal_point":[],"footnotes":""},"class_list":["post-8261","page","type-page","status-publish","hentry"],"yoast_head":"<!-- This site is optimized with the Yoast SEO plugin v26.2 - https:\/\/yoast.com\/wordpress\/plugins\/seo\/ -->\n<title>Cal\u00e7otada en Poliny\u00e0 | Restaurant Can Mauri<\/title>\n<meta name=\"description\" content=\"Gaudeix d\u2019una aut\u00e8ntica cal\u00e7otada en Poliny\u00e0 al restaurant Can Mauri. Cal\u00e7ots a la brasa, cuina catalana tradicional i espais per a tothom.\" \/>\n<meta name=\"robots\" content=\"index, follow, max-snippet:-1, max-image-preview:large, max-video-preview:-1\" \/>\n<link rel=\"canonical\" href=\"https:\/\/canmauri.com\/ca\/calcotada-en-polinya\/\" \/>\n<meta property=\"og:locale\" content=\"ca_ES\" \/>\n<meta property=\"og:type\" content=\"article\" \/>\n<meta property=\"og:title\" content=\"Cal\u00e7otada en Poliny\u00e0 | Restaurant Can Mauri\" \/>\n<meta property=\"og:description\" content=\"Gaudeix d\u2019una aut\u00e8ntica cal\u00e7otada en Poliny\u00e0 al restaurant Can Mauri. Cal\u00e7ots a la brasa, cuina catalana tradicional i espais per a tothom.\" \/>\n<meta property=\"og:url\" content=\"https:\/\/canmauri.com\/ca\/calcotada-en-polinya\/\" \/>\n<meta property=\"og:site_name\" content=\"Can Mauri\" \/>\n<meta property=\"article:modified_time\" content=\"2026-03-10T08:23:18+00:00\" \/>\n<meta name=\"twitter:card\" content=\"summary_large_image\" \/>\n<meta name=\"twitter:label1\" content=\"Temps estimat de lectura\" \/>\n\t<meta name=\"twitter:data1\" content=\"3 minuts\" \/>\n<script type=\"application\/ld+json\" class=\"yoast-schema-graph\">{\"@context\":\"https:\/\/schema.org\",\"@graph\":[{\"@type\":\"WebPage\",\"@id\":\"https:\/\/canmauri.com\/ca\/calcotada-en-polinya\/\",\"url\":\"https:\/\/canmauri.com\/ca\/calcotada-en-polinya\/\",\"name\":\"Cal\u00e7otada en Poliny\u00e0 | Restaurant Can Mauri\",\"isPartOf\":{\"@id\":\"https:\/\/canmauri.com\/#website\"},\"datePublished\":\"2026-02-10T08:15:57+00:00\",\"dateModified\":\"2026-03-10T08:23:18+00:00\",\"description\":\"Gaudeix d\u2019una aut\u00e8ntica cal\u00e7otada en Poliny\u00e0 al restaurant Can Mauri. Cal\u00e7ots a la brasa, cuina catalana tradicional i espais per a tothom.\",\"breadcrumb\":{\"@id\":\"https:\/\/canmauri.com\/ca\/calcotada-en-polinya\/#breadcrumb\"},\"inLanguage\":\"ca\",\"potentialAction\":[{\"@type\":\"ReadAction\",\"target\":[\"https:\/\/canmauri.com\/ca\/calcotada-en-polinya\/\"]}]},{\"@type\":\"BreadcrumbList\",\"@id\":\"https:\/\/canmauri.com\/ca\/calcotada-en-polinya\/#breadcrumb\",\"itemListElement\":[{\"@type\":\"ListItem\",\"position\":1,\"name\":\"Portada\",\"item\":\"https:\/\/canmauri.com\/ca\/\"},{\"@type\":\"ListItem\",\"position\":2,\"name\":\"Cal\u00e7otada en Poliny\u00e0\"}]},{\"@type\":\"WebSite\",\"@id\":\"https:\/\/canmauri.com\/#website\",\"url\":\"https:\/\/canmauri.com\/\",\"name\":\"Can Mauri\",\"description\":\"\",\"potentialAction\":[{\"@type\":\"SearchAction\",\"target\":{\"@type\":\"EntryPoint\",\"urlTemplate\":\"https:\/\/canmauri.com\/?s={search_term_string}\"},\"query-input\":{\"@type\":\"PropertyValueSpecification\",\"valueRequired\":true,\"valueName\":\"search_term_string\"}}],\"inLanguage\":\"ca\"}]}<\/script>\n<!-- \/ Yoast SEO plugin. -->","yoast_head_json":{"title":"Cal\u00e7otada en Poliny\u00e0 | Restaurant Can Mauri","description":"Gaudeix d\u2019una aut\u00e8ntica cal\u00e7otada en Poliny\u00e0 al restaurant Can Mauri. Cal\u00e7ots a la brasa, cuina catalana tradicional i espais per a tothom.","robots":{"index":"index","follow":"follow","max-snippet":"max-snippet:-1","max-image-preview":"max-image-preview:large","max-video-preview":"max-video-preview:-1"},"canonical":"https:\/\/canmauri.com\/ca\/calcotada-en-polinya\/","og_locale":"ca_ES","og_type":"article","og_title":"Cal\u00e7otada en Poliny\u00e0 | Restaurant Can Mauri","og_description":"Gaudeix d\u2019una aut\u00e8ntica cal\u00e7otada en Poliny\u00e0 al restaurant Can Mauri. Cal\u00e7ots a la brasa, cuina catalana tradicional i espais per a tothom.","og_url":"https:\/\/canmauri.com\/ca\/calcotada-en-polinya\/","og_site_name":"Can Mauri","article_modified_time":"2026-03-10T08:23:18+00:00","twitter_card":"summary_large_image","twitter_misc":{"Temps estimat de lectura":"3 minuts"},"schema":{"@context":"https:\/\/schema.org","@graph":[{"@type":"WebPage","@id":"https:\/\/canmauri.com\/ca\/calcotada-en-polinya\/","url":"https:\/\/canmauri.com\/ca\/calcotada-en-polinya\/","name":"Cal\u00e7otada en Poliny\u00e0 | Restaurant Can Mauri","isPartOf":{"@id":"https:\/\/canmauri.com\/#website"},"datePublished":"2026-02-10T08:15:57+00:00","dateModified":"2026-03-10T08:23:18+00:00","description":"Gaudeix d\u2019una aut\u00e8ntica cal\u00e7otada en Poliny\u00e0 al restaurant Can Mauri. Cal\u00e7ots a la brasa, cuina catalana tradicional i espais per a tothom.","breadcrumb":{"@id":"https:\/\/canmauri.com\/ca\/calcotada-en-polinya\/#breadcrumb"},"inLanguage":"ca","potentialAction":[{"@type":"ReadAction","target":["https:\/\/canmauri.com\/ca\/calcotada-en-polinya\/"]}]},{"@type":"BreadcrumbList","@id":"https:\/\/canmauri.com\/ca\/calcotada-en-polinya\/#breadcrumb","itemListElement":[{"@type":"ListItem","position":1,"name":"Portada","item":"https:\/\/canmauri.com\/ca\/"},{"@type":"ListItem","position":2,"name":"Cal\u00e7otada en Poliny\u00e0"}]},{"@type":"WebSite","@id":"https:\/\/canmauri.com\/#website","url":"https:\/\/canmauri.com\/","name":"Can Mauri","description":"","potentialAction":[{"@type":"SearchAction","target":{"@type":"EntryPoint","urlTemplate":"https:\/\/canmauri.com\/?s={search_term_string}"},"query-input":{"@type":"PropertyValueSpecification","valueRequired":true,"valueName":"search_term_string"}}],"inLanguage":"ca"}]}},"_links":{"self":[{"href":"https:\/\/canmauri.com\/ca\/wp-json\/wp\/v2\/pages\/8261","targetHints":{"allow":["GET"]}}],"collection":[{"href":"https:\/\/canmauri.com\/ca\/wp-json\/wp\/v2\/pages"}],"about":[{"href":"https:\/\/canmauri.com\/ca\/wp-json\/wp\/v2\/types\/page"}],"author":[{"embeddable":true,"href":"https:\/\/canmauri.com\/ca\/wp-json\/wp\/v2\/users\/7"}],"replies":[{"embeddable":true,"href":"https:\/\/canmauri.com\/ca\/wp-json\/wp\/v2\/comments?post=8261"}],"version-history":[{"count":4,"href":"https:\/\/canmauri.com\/ca\/wp-json\/wp\/v2\/pages\/8261\/revisions"}],"predecessor-version":[{"id":8278,"href":"https:\/\/canmauri.com\/ca\/wp-json\/wp\/v2\/pages\/8261\/revisions\/8278"}],"wp:attachment":[{"href":"https:\/\/canmauri.com\/ca\/wp-json\/wp\/v2\/media?parent=8261"}],"curies":[{"name":"wp","href":"https:\/\/api.w.org\/{rel}","templated":true}]}}