{"id":8056,"date":"2025-11-24T08:52:39","date_gmt":"2025-11-24T07:52:39","guid":{"rendered":"https:\/\/canmauri.com\/?page_id=8056"},"modified":"2025-11-26T12:47:03","modified_gmt":"2025-11-26T11:47:03","slug":"masies-per-celebrar-aniversaris-a-barbera-del-valles","status":"publish","type":"page","link":"https:\/\/canmauri.com\/ca\/masies-per-celebrar-aniversaris-a-barbera-del-valles\/","title":{"rendered":"Masies per celebrar aniversaris a Barber\u00e0 del Vall\u00e8s"},"content":{"rendered":"<div class=\"wpb-content-wrapper\"><p>[vc_row full_width=&#8221;stretch_row&#8221; equal_height=&#8221;yes&#8221; content_placement=&#8221;middle&#8221; bg_type=&#8221;image&#8221; bg_image_new=&#8221;1125&#8243; bg_image_repeat=&#8221;no-repeat&#8221; css=&#8221;.vc_custom_1740396271943{margin-right: 5px !important;margin-left: 5px !important;}&#8221;][vc_column]<div class=\"boc_spacing \" style=\"height: 300px\"><\/div>[vc_column_text css=&#8221;&#8221; el_class=&#8221;tituloMenu&#8221;]<\/p>\n<h1 style=\"text-align: center;\">Masies per celebrar aniversaris a Barber\u00e0 del Vall\u00e8s<\/h1>\n<p>[\/vc_column_text]<div class=\"boc_spacing \" style=\"height: 150px\"><\/div>[\/vc_column][\/vc_row][vc_row][vc_column]<div class=\"boc_divider_holder\"><div class=\"boc_divider  \"  style=\"margin-top: 20px;margin-bottom: 20px;height: 3px;background: #ffffff;\"><\/div><\/div>[\/vc_column][\/vc_row][vc_row full_width=&#8221;stretch_row_content_no_spaces&#8221; equal_height=&#8221;yes&#8221; css=&#8221;.vc_custom_1740396287516{margin-right: 5px !important;margin-left: 5px !important;}&#8221;][vc_column width=&#8221;1\/2&#8243;]<div class=\"boc_spacing \" style=\"height: 75px\"><\/div>[vc_column_text css=&#8221;.vc_custom_1764157356976{margin-right: 70px !important;margin-left: 80px !important;}&#8221; el_class=&#8221;tituloMenu3&#8243;]<\/p>\n<h3>Masies per celebrar aniversaris a Barber\u00e0 del Vall\u00e8s: viu moments inoblidables<\/h3>\n<article class=\"text-token-text-primary w-full focus:outline-none [--shadow-height:45px] has-data-writing-block:pointer-events-none has-data-writing-block:-mt-(--shadow-height) has-data-writing-block:pt-(--shadow-height) [&amp;:has([data-writing-block])&gt;*]:pointer-events-auto scroll-mt-[calc(var(--header-height)+min(200px,max(70px,20svh)))]\" dir=\"auto\" tabindex=\"-1\" data-turn-id=\"request-WEB:b278d246-6719-4dae-820b-6b9ce2b6a355-10\" data-testid=\"conversation-turn-12\" data-scroll-anchor=\"true\" data-turn=\"assistant\">\n<div class=\"text-base my-auto mx-auto pb-10 [--thread-content-margin:--spacing(4)] thread-sm:[--thread-content-margin:--spacing(6)] thread-lg:[--thread-content-margin:--spacing(16)] px-(--thread-content-margin)\">\n<div class=\"[--thread-content-max-width:40rem] thread-lg:[--thread-content-max-width:48rem] mx-auto max-w-(--thread-content-max-width) flex-1 group\/turn-messages focus-visible:outline-hidden relative flex w-full min-w-0 flex-col agent-turn\" tabindex=\"-1\">\n<div class=\"flex max-w-full flex-col grow\">\n<div class=\"min-h-8 text-message relative flex w-full flex-col items-end gap-2 text-start break-words whitespace-normal [.text-message+&amp;]:mt-1\" dir=\"auto\" data-message-author-role=\"assistant\" data-message-id=\"1b85ab36-f00f-462a-b51e-372aa9983d25\" data-message-model-slug=\"gpt-5-1\">\n<div class=\"flex w-full flex-col gap-1 empty:hidden first:pt-[1px]\">\n<div class=\"markdown prose dark:prose-invert w-full break-words light markdown-new-styling\">\n<p style=\"text-align: justify;\" data-start=\"166\" data-end=\"998\" data-is-last-node=\"\" data-is-only-node=\"\">Si busques un lloc \u00fanic per a la teva celebraci\u00f3, la nostra<strong> masia per celebrar aniversaris a Barber\u00e0 del Vall\u00e8s<\/strong> es l\u2019opci\u00f3 perfecta. Comptem amb espais amplis, acollidors i plens d\u2019encant, ideals per a trobades familiars, festes amb amics o esdeveniments tem\u00e0tics. La nostra masia combina tradici\u00f3 i confort, oferint un ambient c\u00e0lid i exclusiu on els teus convidats se sentiran c\u00f2modes i gaudiran de cada moment.<br \/>\nAmb la nostra <strong>masia per celebrar aniversaris a Barber\u00e0 del Vall\u00e8s<\/strong>, podr\u00e0s personalitzar el teu esdeveniment segons els teus gustos, des de la decoraci\u00f3 fins al men\u00fa, creant records inoblidables per a tots els assistents. A m\u00e9s, disposem de diferents ambients exteriors i interiors per adaptar-nos a qualsevol \u00e8poca de l\u2019any. Aix\u00ed, la teva celebraci\u00f3 ser\u00e0 perfecta independentment del clima o de l\u2019estil que desitgis.<\/p>\n<\/div>\n<\/div>\n<\/div>\n<\/div>\n<\/div>\n<\/div>\n<\/article>\n<p>[\/vc_column_text]<div class=\"boc_spacing \" style=\"height: 75px\"><\/div>[\/vc_column][vc_column width=&#8221;1\/2&#8243; css=&#8221;.vc_custom_1740396434250{margin-right: 50px !important;background-image: url(https:\/\/canmauri.com\/wp-content\/uploads\/2023\/08\/105.png?id=6400) !important;background-position: center !important;background-repeat: no-repeat !important;background-size: cover !important;}&#8221;]<div class=\"boc_spacing \" style=\"height: 500px\"><\/div>[\/vc_column][\/vc_row][vc_row][vc_column]<div class=\"boc_divider_holder\"><div class=\"boc_divider  \"  style=\"margin-top: 20px;margin-bottom: 20px;height: 3px;background: #ffffff;\"><\/div><\/div>[\/vc_column][\/vc_row][vc_row full_width=&#8221;stretch_row_content_no_spaces&#8221; equal_height=&#8221;yes&#8221;][vc_column width=&#8221;1\/2&#8243; css=&#8221;.vc_custom_1740396467022{margin-left: 50px !important;background-image: url(https:\/\/canmauri.com\/wp-content\/uploads\/2024\/07\/restaurante-celebracion-barcelona.jpg?id=6851) !important;background-position: center !important;background-repeat: no-repeat !important;background-size: cover !important;}&#8221;]<div class=\"boc_spacing \" style=\"height: 500px\"><\/div>[\/vc_column][vc_column width=&#8221;1\/2&#8243;]<div class=\"boc_spacing \" style=\"height: 75px\"><\/div>[vc_column_text css=&#8221;.vc_custom_1764157520635{margin-right: 70px !important;margin-left: 80px !important;}&#8221; el_class=&#8221;tituloMenu3&#8243;]<\/p>\n<h3 data-start=\"80\" data-end=\"169\">Serveis i avantatges de la nostra masia per celebrar aniversaris a Barber\u00e0 del Vall\u00e8s<\/h3>\n<p style=\"text-align: justify;\" data-start=\"171\" data-end=\"1158\" data-is-last-node=\"\" data-is-only-node=\"\">La nostra <strong>masia per celebrar aniversaris a Barber\u00e0 del Vall\u00e8s<\/strong> inclou un servei complet que garanteix que la teva festa sigui un \u00e8xit. Oferim men\u00fas personalitzats, c\u00e0tering de qualitat, organitzaci\u00f3 d\u2019activitats i animaci\u00f3 per a totes les edats, aix\u00ed com espais adaptats tant a interiors com a exteriors. Cada detall est\u00e0 pensat perqu\u00e8 la teva celebraci\u00f3 sigui c\u00f2moda, segura i divertida, des de la distribuci\u00f3 de les taules fins a la il\u00b7luminaci\u00f3 i el so. El nostre equip s\u2019encarrega de coordinar cada aspecte, assegurant que els teus convidats gaudeixin sense preocupacions i que tu puguis centrar-te a viure l\u2019esdeveniment.<br \/>\nGr\u00e0cies a la nostra <strong>masia per celebrar aniversaris a Barber\u00e0 del Vall\u00e8s<\/strong>, cada celebraci\u00f3 es converteix en una experi\u00e8ncia \u00fanica i memorable. A m\u00e9s, comptem amb equipaments addicionals com zones chill out i \u00e0rees infantils per crear un ambient encara m\u00e9s complet. Tot est\u00e0 dissenyat perqu\u00e8 visquis una celebraci\u00f3 totalment personalitzada i plena de bons moments.<\/p>\n<p>[\/vc_column_text]<div class=\"boc_spacing \" style=\"height: 75px\"><\/div>[\/vc_column][\/vc_row][vc_row][vc_column]<div class=\"boc_divider_holder\"><div class=\"boc_divider  \"  style=\"margin-top: 20px;margin-bottom: 20px;height: 3px;background: #ffffff;\"><\/div><\/div>[\/vc_column][\/vc_row][vc_row full_width=&#8221;stretch_row_content_no_spaces&#8221; equal_height=&#8221;yes&#8221;][vc_column width=&#8221;1\/2&#8243;]<div class=\"boc_spacing \" style=\"height: 75px\"><\/div>[vc_column_text css=&#8221;.vc_custom_1764157621396{margin-right: 70px !important;margin-left: 80px !important;}&#8221; el_class=&#8221;tituloMenu3&#8243;]<\/p>\n<h3>Per qu\u00e8 triar les nostra masia per celebrar aniversaris a Barber\u00e0 del Vall\u00e8s<\/h3>\n<p style=\"text-align: justify;\">Triar la nostra <strong>masia per celebrar aniversaris a Barber\u00e0 del Vall\u00e8s<\/strong> significa confiar en un equip amb experi\u00e8ncia, dedicaci\u00f3 i passi\u00f3 per crear esdeveniments especials. Ens centrem a oferir un ambient acollidor, serveis de qualitat i una atenci\u00f3 personalitzada, adaptant-nos a les teves necessitats i prefer\u00e8ncies. Cada celebraci\u00f3 es planifica amb cura, assegurant que cada detall reflecteixi el teu estil i faci que els teus convidats se sentin c\u00f2modes i ben atesos.<br \/>\nAmb la nostra <strong>masia per celebrar aniversaris a Barber\u00e0 del Vall\u00e8s<\/strong>, podr\u00e0s gaudir d\u2019un espai exclusiu, organitzat i ple d\u2019encant, convertint el teu aniversari en un dia inoblidable que tothom recordar\u00e0 amb afecte. A m\u00e9s, treballem amb prove\u00efdors de confian\u00e7a per garantir un servei impecable en tot moment.<br \/>\nAix\u00ed, la teva celebraci\u00f3 es converteix en una experi\u00e8ncia \u00fanica, cuidada i feta completament a la teva mida.<\/p>\n<p>[\/vc_column_text]<div class=\"boc_spacing \" style=\"height: 75px\"><\/div>[\/vc_column][vc_column width=&#8221;1\/2&#8243; css=&#8221;.vc_custom_1740396406748{margin-right: 50px !important;background-image: url(https:\/\/canmauri.com\/wp-content\/uploads\/2024\/11\/restaurantes-para-celebrar-bodas-3.jpg?id=7056) !important;background-position: center !important;background-repeat: no-repeat !important;background-size: cover !important;}&#8221;]<div class=\"boc_spacing \" style=\"height: 500px\"><\/div>[\/vc_column][\/vc_row][vc_row css=&#8221;.vc_custom_1740476851144{margin-top: 100px !important;margin-right: 5px !important;margin-bottom: 50px !important;margin-left: 5px !important;}&#8221;][vc_column width=&#8221;1\/2&#8243;]\n<div class=\"wpcf7 no-js\" id=\"wpcf7-f14-o1\" lang=\"es-ES\" dir=\"ltr\" data-wpcf7-id=\"14\">\n<div class=\"screen-reader-response\"><p role=\"status\" aria-live=\"polite\" aria-atomic=\"true\"><\/p> <ul><\/ul><\/div>\n<form action=\"\/ca\/wp-json\/wp\/v2\/pages\/8056#wpcf7-f14-o1\" method=\"post\" class=\"wpcf7-form init\" aria-label=\"Formulario de contacto\" novalidate=\"novalidate\" data-status=\"init\">\n<fieldset class=\"hidden-fields-container\"><input type=\"hidden\" name=\"_wpcf7\" value=\"14\" \/><input type=\"hidden\" name=\"_wpcf7_version\" value=\"6.1.3\" \/><input type=\"hidden\" name=\"_wpcf7_locale\" value=\"es_ES\" \/><input type=\"hidden\" name=\"_wpcf7_unit_tag\" value=\"wpcf7-f14-o1\" \/><input type=\"hidden\" name=\"_wpcf7_container_post\" value=\"0\" \/><input type=\"hidden\" name=\"_wpcf7_posted_data_hash\" value=\"\" \/><input type=\"hidden\" name=\"_wpcf7_recaptcha_response\" value=\"\" \/>\n<\/fieldset>\n<div class=\"row\">\n\t<div class=\"col-md-6\">\n\t\t<p><span class=\"wpcf7-form-control-wrap\" data-name=\"your-name\"><input size=\"40\" maxlength=\"400\" class=\"wpcf7-form-control wpcf7-text wpcf7-validates-as-required\" aria-required=\"true\" aria-invalid=\"false\" placeholder=\"Nombre y Apellidos*\" value=\"\" type=\"text\" name=\"your-name\" \/><\/span>\n\t\t<\/p>\n\t<\/div>\n\t<div class=\"col-md-6\">\n\t\t<p><span class=\"wpcf7-form-control-wrap\" data-name=\"your-email\"><input size=\"40\" maxlength=\"400\" class=\"wpcf7-form-control wpcf7-email wpcf7-validates-as-required wpcf7-text wpcf7-validates-as-email\" aria-required=\"true\" aria-invalid=\"false\" placeholder=\"Email*\" value=\"\" type=\"email\" name=\"your-email\" \/><\/span>\n\t\t<\/p>\n\t<\/div>\n<\/div>\n<div class=\"row\">\n\t<div class=\"col-md-6\">\n\t\t<p><span class=\"wpcf7-form-control-wrap\" data-name=\"text-114\"><input size=\"40\" maxlength=\"400\" class=\"wpcf7-form-control wpcf7-text wpcf7-validates-as-required\" aria-required=\"true\" aria-invalid=\"false\" placeholder=\"Tel\u00e9fono*\" value=\"\" type=\"text\" name=\"text-114\" \/><\/span>\n\t\t<\/p>\n\t<\/div>\n\t<div class=\"col-md-6\">\n\t\t<p><span class=\"wpcf7-form-control-wrap\" data-name=\"your-subject\"><input size=\"40\" maxlength=\"400\" class=\"wpcf7-form-control wpcf7-text\" aria-invalid=\"false\" placeholder=\"Asunto\" value=\"\" type=\"text\" name=\"your-subject\" \/><\/span>\n\t\t<\/p>\n\t<\/div>\n<\/div>\n<div class=\"row\">\n\t<div class=\"col-md-12\">\n\t\t<p><span class=\"wpcf7-form-control-wrap\" data-name=\"your-message\"><textarea cols=\"40\" rows=\"10\" maxlength=\"2000\" class=\"wpcf7-form-control wpcf7-textarea\" aria-invalid=\"false\" placeholder=\"Mensaje\" name=\"your-message\"><\/textarea><\/span>\n\t\t<\/p>\n\t<\/div>\n\t<div class=\"col-md-12\">\n\t\t<p><span class=\"wpcf7-form-control-wrap\" data-name=\"acceptance-185\"><span class=\"wpcf7-form-control wpcf7-acceptance\"><span class=\"wpcf7-list-item\"><label><input type=\"checkbox\" name=\"acceptance-185\" value=\"1\" aria-invalid=\"false\" \/><span class=\"wpcf7-list-item-label\">He le\u00eddo la <a href=\"\/politica-de-privacidad\/\">pol\u00edtica de privacidad<\/a> y acepto el env\u00edo de la informaci\u00f3n<\/span><\/label><\/span><\/span><\/span>\n\t\t<\/p>\n\t<\/div>\n<\/div>\n<p><input class=\"wpcf7-form-control wpcf7-submit has-spinner\" type=\"submit\" value=\"Enviar\" \/>\n<\/p><div class=\"wpcf7-response-output\" aria-hidden=\"true\"><\/div>\n<\/form>\n<\/div>\n[\/vc_column][vc_column width=&#8221;1\/2&#8243;]<div class=\"side_icon_box normal  \"><span class=\"icon_feat \" style=\"\"><i class=\"icon icon-map-marker2\" style=\"\"><\/i><\/span><h3>Carretera C-155, km 1,5, 08213 Poliny\u00e1, Barcelona<\/h3><div class=\"side_icon_box_content\"><a href=\"https:\/\/www.google.com\/maps\/dir\/\/Restaurant+Can+Mauri,+C-155,+km+1,5,+08213+Sabadell,+Barcelona\/@41.570099,2.128654,15z\/data=!4m8!4m7!1m0!1m5!1m1!1s0x12a495464350381b:0x84b2792e3b141ed0!2m2!1d2.1286539!2d41.5700992?hl=es-ES\">C\u00f3mo llegar<\/a><\/div><\/div><div class=\"side_icon_box normal  \"><span class=\"icon_feat \" style=\"\"><i class=\"icon icon-phone3\" style=\"\"><\/i><\/span><h3>937 43 50 66<\/h3><div class=\"side_icon_box_content\">Solicita tu presupuesto<\/div><\/div><div class=\"side_icon_box normal  \"><span class=\"icon_feat \" style=\"\"><i class=\"icon icon-clock\" style=\"\"><\/i><\/span><h3>Horarios<\/h3><div class=\"side_icon_box_content\">Mi\u00e9rcoles a domingo 13h-16h.<br \/>\nViernes y s\u00e1bado 13h-16h \/ 20h-24h.<\/div><\/div><div class=\"side_icon_box normal  \"><span class=\"icon_feat \" style=\"\"><i class=\"icon icon-mail\" style=\"\"><\/i><\/span><h3><a href=\"mailto:info@restaurantcanmauri.com\" target=\"_self\">info@restaurantcanmauri.com<\/a><\/h3><div class=\"side_icon_box_content\"><\/div><\/div>[\/vc_column][\/vc_row]<\/p>\n<\/div>","protected":false},"excerpt":{"rendered":"<p>[vc_row full_width=&#8221;stretch_row&#8221; equal_height=&#8221;yes&#8221; content_placement=&#8221;middle&#8221; bg_type=&#8221;image&#8221; bg_image_new=&#8221;1125&#8243; bg_image_repeat=&#8221;no-repeat&#8221; css=&#8221;.vc_custom_1740396271943{margin-right: 5px !important;margin-left: 5px !important;}&#8221;][vc_column][vc_column_text css=&#8221;&#8221; el_class=&#8221;tituloMenu&#8221;] Masies per celebrar aniversaris a Barber\u00e0 del Vall\u00e8s [\/vc_column_text][\/vc_column][\/vc_row][vc_row][vc_column][\/vc_column][\/vc_row][vc_row full_width=&#8221;stretch_row_content_no_spaces&#8221; equal_height=&#8221;yes&#8221; css=&#8221;.vc_custom_1740396287516{margin-right: 5px !important;margin-left: 5px !important;}&#8221;][vc_column width=&#8221;1\/2&#8243;][vc_column_text css=&#8221;.vc_custom_1764157356976{margin-right: 70px !important;margin-left: 80px !important;}&#8221; el_class=&#8221;tituloMenu3&#8243;] Masies per celebrar aniversaris a Barber\u00e0 del Vall\u00e8s: viu moments inoblidables Si busques un lloc \u00fanic per a la teva celebraci\u00f3, la nostra<\/p>\n<div class=\"h10\"><\/div>\n<p><a class=\"more-link1\" href=\"https:\/\/canmauri.com\/ca\/masies-per-celebrar-aniversaris-a-barbera-del-valles\/\">Read more<\/a><\/p>\n","protected":false},"author":7,"featured_media":0,"parent":0,"menu_order":0,"comment_status":"closed","ping_status":"closed","template":"","meta":{"_vp_format_video_url":"","_vp_image_focal_point":[],"footnotes":""},"class_list":["post-8056","page","type-page","status-publish","hentry"],"yoast_head":"<!-- This site is optimized with the Yoast SEO plugin v26.2 - https:\/\/yoast.com\/wordpress\/plugins\/seo\/ -->\n<title>Masies per celebrar aniversaris a Barber\u00e0 del Vall\u00e8s<\/title>\n<meta name=\"description\" content=\"Celebra el teu aniversari a Barber\u00e0 del Vall\u00e8s a les nostres masies amb men\u00fas i serveis complets per a un dia inoblidable.\" \/>\n<meta name=\"robots\" content=\"index, follow, max-snippet:-1, max-image-preview:large, max-video-preview:-1\" \/>\n<link rel=\"canonical\" href=\"https:\/\/canmauri.com\/ca\/masies-per-celebrar-aniversaris-a-barbera-del-valles\/\" \/>\n<meta property=\"og:locale\" content=\"ca_ES\" \/>\n<meta property=\"og:type\" content=\"article\" \/>\n<meta property=\"og:title\" content=\"Masies per celebrar aniversaris a Barber\u00e0 del Vall\u00e8s\" \/>\n<meta property=\"og:description\" content=\"Celebra el teu aniversari a Barber\u00e0 del Vall\u00e8s a les nostres masies amb men\u00fas i serveis complets per a un dia inoblidable.\" \/>\n<meta property=\"og:url\" content=\"https:\/\/canmauri.com\/ca\/masies-per-celebrar-aniversaris-a-barbera-del-valles\/\" \/>\n<meta property=\"og:site_name\" content=\"Can Mauri\" \/>\n<meta property=\"article:modified_time\" content=\"2025-11-26T11:47:03+00:00\" \/>\n<meta name=\"twitter:card\" content=\"summary_large_image\" \/>\n<meta name=\"twitter:label1\" content=\"Temps estimat de lectura\" \/>\n\t<meta name=\"twitter:data1\" content=\"3 minuts\" \/>\n<script type=\"application\/ld+json\" class=\"yoast-schema-graph\">{\"@context\":\"https:\/\/schema.org\",\"@graph\":[{\"@type\":\"WebPage\",\"@id\":\"https:\/\/canmauri.com\/ca\/masies-per-celebrar-aniversaris-a-barbera-del-valles\/\",\"url\":\"https:\/\/canmauri.com\/ca\/masies-per-celebrar-aniversaris-a-barbera-del-valles\/\",\"name\":\"Masies per celebrar aniversaris a Barber\u00e0 del Vall\u00e8s\",\"isPartOf\":{\"@id\":\"https:\/\/canmauri.com\/#website\"},\"datePublished\":\"2025-11-24T07:52:39+00:00\",\"dateModified\":\"2025-11-26T11:47:03+00:00\",\"description\":\"Celebra el teu aniversari a Barber\u00e0 del Vall\u00e8s a les nostres masies amb men\u00fas i serveis complets per a un dia inoblidable.\",\"breadcrumb\":{\"@id\":\"https:\/\/canmauri.com\/ca\/masies-per-celebrar-aniversaris-a-barbera-del-valles\/#breadcrumb\"},\"inLanguage\":\"ca\",\"potentialAction\":[{\"@type\":\"ReadAction\",\"target\":[\"https:\/\/canmauri.com\/ca\/masies-per-celebrar-aniversaris-a-barbera-del-valles\/\"]}]},{\"@type\":\"BreadcrumbList\",\"@id\":\"https:\/\/canmauri.com\/ca\/masies-per-celebrar-aniversaris-a-barbera-del-valles\/#breadcrumb\",\"itemListElement\":[{\"@type\":\"ListItem\",\"position\":1,\"name\":\"Portada\",\"item\":\"https:\/\/canmauri.com\/ca\/\"},{\"@type\":\"ListItem\",\"position\":2,\"name\":\"Masies per celebrar aniversaris a Barber\u00e0 del Vall\u00e8s\"}]},{\"@type\":\"WebSite\",\"@id\":\"https:\/\/canmauri.com\/#website\",\"url\":\"https:\/\/canmauri.com\/\",\"name\":\"Can Mauri\",\"description\":\"\",\"potentialAction\":[{\"@type\":\"SearchAction\",\"target\":{\"@type\":\"EntryPoint\",\"urlTemplate\":\"https:\/\/canmauri.com\/?s={search_term_string}\"},\"query-input\":{\"@type\":\"PropertyValueSpecification\",\"valueRequired\":true,\"valueName\":\"search_term_string\"}}],\"inLanguage\":\"ca\"}]}<\/script>\n<!-- \/ Yoast SEO plugin. -->","yoast_head_json":{"title":"Masies per celebrar aniversaris a Barber\u00e0 del Vall\u00e8s","description":"Celebra el teu aniversari a Barber\u00e0 del Vall\u00e8s a les nostres masies amb men\u00fas i serveis complets per a un dia inoblidable.","robots":{"index":"index","follow":"follow","max-snippet":"max-snippet:-1","max-image-preview":"max-image-preview:large","max-video-preview":"max-video-preview:-1"},"canonical":"https:\/\/canmauri.com\/ca\/masies-per-celebrar-aniversaris-a-barbera-del-valles\/","og_locale":"ca_ES","og_type":"article","og_title":"Masies per celebrar aniversaris a Barber\u00e0 del Vall\u00e8s","og_description":"Celebra el teu aniversari a Barber\u00e0 del Vall\u00e8s a les nostres masies amb men\u00fas i serveis complets per a un dia inoblidable.","og_url":"https:\/\/canmauri.com\/ca\/masies-per-celebrar-aniversaris-a-barbera-del-valles\/","og_site_name":"Can Mauri","article_modified_time":"2025-11-26T11:47:03+00:00","twitter_card":"summary_large_image","twitter_misc":{"Temps estimat de lectura":"3 minuts"},"schema":{"@context":"https:\/\/schema.org","@graph":[{"@type":"WebPage","@id":"https:\/\/canmauri.com\/ca\/masies-per-celebrar-aniversaris-a-barbera-del-valles\/","url":"https:\/\/canmauri.com\/ca\/masies-per-celebrar-aniversaris-a-barbera-del-valles\/","name":"Masies per celebrar aniversaris a Barber\u00e0 del Vall\u00e8s","isPartOf":{"@id":"https:\/\/canmauri.com\/#website"},"datePublished":"2025-11-24T07:52:39+00:00","dateModified":"2025-11-26T11:47:03+00:00","description":"Celebra el teu aniversari a Barber\u00e0 del Vall\u00e8s a les nostres masies amb men\u00fas i serveis complets per a un dia inoblidable.","breadcrumb":{"@id":"https:\/\/canmauri.com\/ca\/masies-per-celebrar-aniversaris-a-barbera-del-valles\/#breadcrumb"},"inLanguage":"ca","potentialAction":[{"@type":"ReadAction","target":["https:\/\/canmauri.com\/ca\/masies-per-celebrar-aniversaris-a-barbera-del-valles\/"]}]},{"@type":"BreadcrumbList","@id":"https:\/\/canmauri.com\/ca\/masies-per-celebrar-aniversaris-a-barbera-del-valles\/#breadcrumb","itemListElement":[{"@type":"ListItem","position":1,"name":"Portada","item":"https:\/\/canmauri.com\/ca\/"},{"@type":"ListItem","position":2,"name":"Masies per celebrar aniversaris a Barber\u00e0 del Vall\u00e8s"}]},{"@type":"WebSite","@id":"https:\/\/canmauri.com\/#website","url":"https:\/\/canmauri.com\/","name":"Can Mauri","description":"","potentialAction":[{"@type":"SearchAction","target":{"@type":"EntryPoint","urlTemplate":"https:\/\/canmauri.com\/?s={search_term_string}"},"query-input":{"@type":"PropertyValueSpecification","valueRequired":true,"valueName":"search_term_string"}}],"inLanguage":"ca"}]}},"_links":{"self":[{"href":"https:\/\/canmauri.com\/ca\/wp-json\/wp\/v2\/pages\/8056","targetHints":{"allow":["GET"]}}],"collection":[{"href":"https:\/\/canmauri.com\/ca\/wp-json\/wp\/v2\/pages"}],"about":[{"href":"https:\/\/canmauri.com\/ca\/wp-json\/wp\/v2\/types\/page"}],"author":[{"embeddable":true,"href":"https:\/\/canmauri.com\/ca\/wp-json\/wp\/v2\/users\/7"}],"replies":[{"embeddable":true,"href":"https:\/\/canmauri.com\/ca\/wp-json\/wp\/v2\/comments?post=8056"}],"version-history":[{"count":4,"href":"https:\/\/canmauri.com\/ca\/wp-json\/wp\/v2\/pages\/8056\/revisions"}],"predecessor-version":[{"id":8119,"href":"https:\/\/canmauri.com\/ca\/wp-json\/wp\/v2\/pages\/8056\/revisions\/8119"}],"wp:attachment":[{"href":"https:\/\/canmauri.com\/ca\/wp-json\/wp\/v2\/media?parent=8056"}],"curies":[{"name":"wp","href":"https:\/\/api.w.org\/{rel}","templated":true}]}}