{"id":7737,"date":"2025-07-16T13:26:18","date_gmt":"2025-07-16T11:26:18","guid":{"rendered":"https:\/\/canmauri.com\/?page_id=7737"},"modified":"2025-07-16T13:28:41","modified_gmt":"2025-07-16T11:28:41","slug":"local-esdeveniments-familiars-polinya","status":"publish","type":"page","link":"https:\/\/canmauri.com\/ca\/local-esdeveniments-familiars-polinya\/","title":{"rendered":"Local esdeveniments familiars Poliny\u00e0"},"content":{"rendered":"<div class=\"wpb-content-wrapper\"><p>[vc_row full_width=&#8221;stretch_row&#8221; equal_height=&#8221;yes&#8221; content_placement=&#8221;middle&#8221; bg_type=&#8221;image&#8221; bg_image_new=&#8221;1125&#8243; bg_image_repeat=&#8221;no-repeat&#8221; css=&#8221;.vc_custom_1740396271943{margin-right: 5px !important;margin-left: 5px !important;}&#8221;][vc_column]<div class=\"boc_spacing \" style=\"height: 300px\"><\/div>[vc_column_text el_class=&#8221;tituloMenu&#8221;]<\/p>\n<h1 style=\"text-align: center;\">Local esdeveniments familiars Poliny\u00e0<\/h1>\n<p>[\/vc_column_text]<div class=\"boc_spacing \" style=\"height: 150px\"><\/div>[\/vc_column][\/vc_row][vc_row][vc_column]<div class=\"boc_divider_holder\"><div class=\"boc_divider  \"  style=\"margin-top: 20px;margin-bottom: 20px;height: 3px;background: #ffffff;\"><\/div><\/div>[\/vc_column][\/vc_row][vc_row full_width=&#8221;stretch_row_content_no_spaces&#8221; equal_height=&#8221;yes&#8221; css=&#8221;.vc_custom_1740396287516{margin-right: 5px !important;margin-left: 5px !important;}&#8221;][vc_column width=&#8221;1\/2&#8243;]<div class=\"boc_spacing \" style=\"height: 75px\"><\/div>[vc_column_text el_class=&#8221;tituloMenu3&#8243; css=&#8221;.vc_custom_1752665289281{margin-right: 70px !important;margin-left: 80px !important;}&#8221;]<\/p>\n<h2 data-start=\"54\" data-end=\"150\"><strong data-start=\"54\" data-end=\"150\">Organitza el teu esdeveniment familiar a Can Mauri i gaudeix d&#8217;un espai \u00fanic i personalitzat<\/strong><\/h2>\n<p style=\"text-align: justify;\" data-start=\"152\" data-end=\"829\">A <strong data-start=\"154\" data-end=\"167\">Can Mauri<\/strong>, sabem que cada esdeveniment familiar \u00e9s una ocasi\u00f3 especial que mereix ser celebrada en un ambient \u00fanic i acollidor. El nostre <strong data-start=\"296\" data-end=\"345\">local per a esdeveniments familiars a Poliny\u00e0<\/strong> est\u00e0 dissenyat per adaptar-se a les teves necessitats i oferir-te un espai perfecte per a qualsevol tipus de celebraci\u00f3. Ja sigui un aniversari, una reuni\u00f3 familiar, un bateig o qualsevol altre esdeveniment important, el nostre equip s&#8217;encarrega de tot perqu\u00e8 tu nom\u00e9s et preocupis de gaudir. A <strong data-start=\"641\" data-end=\"654\">Can Mauri<\/strong>, ens especialitzem a fer que cada esdeveniment sigui inoblidable, creant una atmosfera c\u00e0lida, professional i completament personalitzada per a tu i els teus \u00e9ssers estimats.<\/p>\n<p style=\"text-align: justify;\" data-start=\"831\" data-end=\"1277\">A m\u00e9s, ens assegurem d&#8217;oferir-te flexibilitat en el disseny de l&#8217;espai i l&#8217;organitzaci\u00f3, permetent-te que el teu esdeveniment sigui tal com l&#8217;imaginaves. Amb opcions tant interiors com exteriors, tindr\u00e0s el lloc ideal per gaudir en cada temporada de l&#8217;any. Ens comprometem a cuidar cada detall, des de la decoraci\u00f3 fins al servei, perqu\u00e8 tu nom\u00e9s hagis de concentrar-te en el m\u00e9s important: gaudir d&#8217;un dia memorable amb els teus \u00e9ssers estimats.<\/p>\n<p>[\/vc_column_text]<div class=\"boc_spacing \" style=\"height: 75px\"><\/div>[\/vc_column][vc_column width=&#8221;1\/2&#8243; css=&#8221;.vc_custom_1740396434250{margin-right: 50px !important;background-image: url(https:\/\/canmauri.com\/wp-content\/uploads\/2023\/08\/105.png?id=6400) !important;background-position: center !important;background-repeat: no-repeat !important;background-size: cover !important;}&#8221;]<div class=\"boc_spacing \" style=\"height: 500px\"><\/div>[\/vc_column][\/vc_row][vc_row][vc_column]<div class=\"boc_divider_holder\"><div class=\"boc_divider  \"  style=\"margin-top: 20px;margin-bottom: 20px;height: 3px;background: #ffffff;\"><\/div><\/div>[\/vc_column][\/vc_row][vc_row full_width=&#8221;stretch_row_content_no_spaces&#8221; equal_height=&#8221;yes&#8221;][vc_column width=&#8221;1\/2&#8243; css=&#8221;.vc_custom_1740396467022{margin-left: 50px !important;background-image: url(https:\/\/canmauri.com\/wp-content\/uploads\/2024\/07\/restaurante-celebracion-barcelona.jpg?id=6851) !important;background-position: center !important;background-repeat: no-repeat !important;background-size: cover !important;}&#8221;]<div class=\"boc_spacing \" style=\"height: 500px\"><\/div>[\/vc_column][vc_column width=&#8221;1\/2&#8243;]<div class=\"boc_spacing \" style=\"height: 75px\"><\/div>[vc_column_text el_class=&#8221;tituloMenu3&#8243; css=&#8221;.vc_custom_1752665303357{margin-right: 70px !important;margin-left: 80px !important;}&#8221;]<\/p>\n<h2 data-start=\"54\" data-end=\"150\"><strong data-start=\"54\" data-end=\"150\">Organitza el teu esdeveniment familiar a Can Mauri i gaudeix d&#8217;un espai \u00fanic i personalitzat<\/strong><\/h2>\n<p style=\"text-align: justify;\" data-start=\"152\" data-end=\"829\">A <strong data-start=\"154\" data-end=\"167\">Can Mauri<\/strong>, sabem que cada esdeveniment familiar \u00e9s una ocasi\u00f3 especial que mereix ser celebrada en un ambient \u00fanic i acollidor. El nostre <strong data-start=\"296\" data-end=\"345\">local per a esdeveniments familiars a Poliny\u00e0<\/strong> est\u00e0 dissenyat per adaptar-se a les teves necessitats i oferir-te un espai perfecte per a qualsevol tipus de celebraci\u00f3. Ja sigui un aniversari, una reuni\u00f3 familiar, un bateig o qualsevol altre esdeveniment important, el nostre equip s&#8217;encarrega de tot perqu\u00e8 tu nom\u00e9s et preocupis de gaudir. A <strong data-start=\"641\" data-end=\"654\">Can Mauri<\/strong>, ens especialitzem a fer que cada esdeveniment sigui inoblidable, creant una atmosfera c\u00e0lida, professional i completament personalitzada per a tu i els teus \u00e9ssers estimats.<\/p>\n<p style=\"text-align: justify;\" data-start=\"831\" data-end=\"1277\">A m\u00e9s, ens assegurem d&#8217;oferir-te flexibilitat en el disseny de l&#8217;espai i l&#8217;organitzaci\u00f3, permetent-te que el teu esdeveniment sigui tal com l&#8217;imaginaves. Amb opcions tant interiors com exteriors, tindr\u00e0s el lloc ideal per gaudir en cada temporada de l&#8217;any. Ens comprometem a cuidar cada detall, des de la decoraci\u00f3 fins al servei, perqu\u00e8 tu nom\u00e9s hagis de concentrar-te en el m\u00e9s important: gaudir d&#8217;un dia memorable amb els teus \u00e9ssers estimats.<\/p>\n<p>[\/vc_column_text]<div class=\"boc_spacing \" style=\"height: 75px\"><\/div>[\/vc_column][\/vc_row][vc_row][vc_column]<div class=\"boc_divider_holder\"><div class=\"boc_divider  \"  style=\"margin-top: 20px;margin-bottom: 20px;height: 3px;background: #ffffff;\"><\/div><\/div>[\/vc_column][\/vc_row][vc_row full_width=&#8221;stretch_row_content_no_spaces&#8221; equal_height=&#8221;yes&#8221;][vc_column width=&#8221;1\/2&#8243;]<div class=\"boc_spacing \" style=\"height: 75px\"><\/div>[vc_column_text el_class=&#8221;tituloMenu3&#8243; css=&#8221;.vc_custom_1752665317444{margin-right: 70px !important;margin-left: 80px !important;}&#8221;]<\/p>\n<h2 data-start=\"2203\" data-end=\"2281\"><strong data-start=\"2203\" data-end=\"2281\">Serveis complets per fer el teu esdeveniment familiar perfecte a Can Mauri<\/strong><\/h2>\n<p style=\"text-align: justify;\" data-start=\"2283\" data-end=\"2720\">A <strong data-start=\"2285\" data-end=\"2298\">Can Mauri<\/strong>, no nom\u00e9s oferim l&#8217;espai perfecte per al teu esdeveniment familiar, sin\u00f3 que tamb\u00e9 ens assegurem que tots els serveis estiguin coberts. Des d&#8217;un c\u00e0tering personalitzat amb plats de la cuina tradicional catalana fins a una atenci\u00f3 al detall que far\u00e0 que la teva celebraci\u00f3 sigui perfecta, al nostre <strong data-start=\"2597\" data-end=\"2646\">local per a esdeveniments familiars a Poliny\u00e0<\/strong> trobar\u00e0s tot el que necessites per a un esdeveniment sense preocupacions.<\/p>\n<p style=\"text-align: justify;\" data-start=\"2722\" data-end=\"3158\">El nostre servei de c\u00e0tering s&#8217;adapta a totes les necessitats, amb men\u00fas a mida que inclouen opcions per a tots els gustos i dietes especials. A m\u00e9s, t&#8217;ajudem amb la decoraci\u00f3, la m\u00fasica i altres serveis addicionals, perqu\u00e8 cada detall del teu esdeveniment estigui cobert. El nostre objectiu \u00e9s oferir-te una experi\u00e8ncia gastron\u00f2mica i un servei de qualitat, perqu\u00e8 tant tu com els teus convidats gaudiu al m\u00e0xim d&#8217;un dia tan important.<\/p>\n<p style=\"text-align: justify;\" data-start=\"3160\" data-end=\"3562\">A <strong data-start=\"3162\" data-end=\"3175\">Can Mauri<\/strong>, ens enorgulleix oferir-te un <strong data-start=\"3206\" data-end=\"3255\">local per a esdeveniments familiars a Poliny\u00e0<\/strong> que combini la tradici\u00f3, la qualitat i l&#8217;atenci\u00f3 personalitzada. Si busques un espai \u00fanic, flexible i ple de possibilitats per celebrar els teus moments m\u00e9s especials, no dubtis en contactar-nos. Estem aqu\u00ed per fer realitat l&#8217;esdeveniment dels teus somnis, cuidant cada detall perqu\u00e8 nom\u00e9s hagis de gaudir.<\/p>\n<p>[\/vc_column_text]<div class=\"boc_spacing \" style=\"height: 75px\"><\/div>[\/vc_column][vc_column width=&#8221;1\/2&#8243; css=&#8221;.vc_custom_1740396406748{margin-right: 50px !important;background-image: url(https:\/\/canmauri.com\/wp-content\/uploads\/2024\/11\/restaurantes-para-celebrar-bodas-3.jpg?id=7056) !important;background-position: center !important;background-repeat: no-repeat !important;background-size: cover !important;}&#8221;]<div class=\"boc_spacing \" style=\"height: 500px\"><\/div>[\/vc_column][\/vc_row][vc_row css=&#8221;.vc_custom_1740476851144{margin-top: 100px !important;margin-right: 5px !important;margin-bottom: 50px !important;margin-left: 5px !important;}&#8221;][vc_column width=&#8221;1\/2&#8243;]\n<div class=\"wpcf7 no-js\" id=\"wpcf7-f14-o1\" lang=\"es-ES\" dir=\"ltr\" data-wpcf7-id=\"14\">\n<div class=\"screen-reader-response\"><p role=\"status\" aria-live=\"polite\" aria-atomic=\"true\"><\/p> <ul><\/ul><\/div>\n<form action=\"\/ca\/wp-json\/wp\/v2\/pages\/7737#wpcf7-f14-o1\" method=\"post\" class=\"wpcf7-form init\" aria-label=\"Formulario de contacto\" novalidate=\"novalidate\" data-status=\"init\">\n<fieldset class=\"hidden-fields-container\"><input type=\"hidden\" name=\"_wpcf7\" value=\"14\" \/><input type=\"hidden\" name=\"_wpcf7_version\" value=\"6.1.3\" \/><input type=\"hidden\" name=\"_wpcf7_locale\" value=\"es_ES\" \/><input type=\"hidden\" name=\"_wpcf7_unit_tag\" value=\"wpcf7-f14-o1\" \/><input type=\"hidden\" name=\"_wpcf7_container_post\" value=\"0\" \/><input type=\"hidden\" name=\"_wpcf7_posted_data_hash\" value=\"\" \/><input type=\"hidden\" name=\"_wpcf7_recaptcha_response\" value=\"\" \/>\n<\/fieldset>\n<div class=\"row\">\n\t<div class=\"col-md-6\">\n\t\t<p><span class=\"wpcf7-form-control-wrap\" data-name=\"your-name\"><input size=\"40\" maxlength=\"400\" class=\"wpcf7-form-control wpcf7-text wpcf7-validates-as-required\" aria-required=\"true\" aria-invalid=\"false\" placeholder=\"Nombre y Apellidos*\" value=\"\" type=\"text\" name=\"your-name\" \/><\/span>\n\t\t<\/p>\n\t<\/div>\n\t<div class=\"col-md-6\">\n\t\t<p><span class=\"wpcf7-form-control-wrap\" data-name=\"your-email\"><input size=\"40\" maxlength=\"400\" class=\"wpcf7-form-control wpcf7-email wpcf7-validates-as-required wpcf7-text wpcf7-validates-as-email\" aria-required=\"true\" aria-invalid=\"false\" placeholder=\"Email*\" value=\"\" type=\"email\" name=\"your-email\" \/><\/span>\n\t\t<\/p>\n\t<\/div>\n<\/div>\n<div class=\"row\">\n\t<div class=\"col-md-6\">\n\t\t<p><span class=\"wpcf7-form-control-wrap\" data-name=\"text-114\"><input size=\"40\" maxlength=\"400\" class=\"wpcf7-form-control wpcf7-text wpcf7-validates-as-required\" aria-required=\"true\" aria-invalid=\"false\" placeholder=\"Tel\u00e9fono*\" value=\"\" type=\"text\" name=\"text-114\" \/><\/span>\n\t\t<\/p>\n\t<\/div>\n\t<div class=\"col-md-6\">\n\t\t<p><span class=\"wpcf7-form-control-wrap\" data-name=\"your-subject\"><input size=\"40\" maxlength=\"400\" class=\"wpcf7-form-control wpcf7-text\" aria-invalid=\"false\" placeholder=\"Asunto\" value=\"\" type=\"text\" name=\"your-subject\" \/><\/span>\n\t\t<\/p>\n\t<\/div>\n<\/div>\n<div class=\"row\">\n\t<div class=\"col-md-12\">\n\t\t<p><span class=\"wpcf7-form-control-wrap\" data-name=\"your-message\"><textarea cols=\"40\" rows=\"10\" maxlength=\"2000\" class=\"wpcf7-form-control wpcf7-textarea\" aria-invalid=\"false\" placeholder=\"Mensaje\" name=\"your-message\"><\/textarea><\/span>\n\t\t<\/p>\n\t<\/div>\n\t<div class=\"col-md-12\">\n\t\t<p><span class=\"wpcf7-form-control-wrap\" data-name=\"acceptance-185\"><span class=\"wpcf7-form-control wpcf7-acceptance\"><span class=\"wpcf7-list-item\"><label><input type=\"checkbox\" name=\"acceptance-185\" value=\"1\" aria-invalid=\"false\" \/><span class=\"wpcf7-list-item-label\">He le\u00eddo la <a href=\"\/politica-de-privacidad\/\">pol\u00edtica de privacidad<\/a> y acepto el env\u00edo de la informaci\u00f3n<\/span><\/label><\/span><\/span><\/span>\n\t\t<\/p>\n\t<\/div>\n<\/div>\n<p><input class=\"wpcf7-form-control wpcf7-submit has-spinner\" type=\"submit\" value=\"Enviar\" \/>\n<\/p><div class=\"wpcf7-response-output\" aria-hidden=\"true\"><\/div>\n<\/form>\n<\/div>\n[\/vc_column][vc_column width=&#8221;1\/2&#8243;]<div class=\"side_icon_box normal  \"><span class=\"icon_feat \" style=\"\"><i class=\"icon icon-map-marker2\" style=\"\"><\/i><\/span><h3>Carretera C-155, km 1,5, 08213 Poliny\u00e1, Barcelona<\/h3><div class=\"side_icon_box_content\"><a href=\"https:\/\/www.google.com\/maps\/dir\/\/Restaurant+Can+Mauri,+C-155,+km+1,5,+08213+Sabadell,+Barcelona\/@41.570099,2.128654,15z\/data=!4m8!4m7!1m0!1m5!1m1!1s0x12a495464350381b:0x84b2792e3b141ed0!2m2!1d2.1286539!2d41.5700992?hl=es-ES\">C\u00f3mo llegar<\/a><\/div><\/div><div class=\"side_icon_box normal  \"><span class=\"icon_feat \" style=\"\"><i class=\"icon icon-phone3\" style=\"\"><\/i><\/span><h3>937 43 50 66<\/h3><div class=\"side_icon_box_content\">Solicita tu presupuesto<\/div><\/div><div class=\"side_icon_box normal  \"><span class=\"icon_feat \" style=\"\"><i class=\"icon icon-clock\" style=\"\"><\/i><\/span><h3>Horarios<\/h3><div class=\"side_icon_box_content\">Mi\u00e9rcoles a domingo 13h-16h.<br \/>\nViernes y s\u00e1bado 13h-16h \/ 20h-24h.<\/div><\/div><div class=\"side_icon_box normal  \"><span class=\"icon_feat \" style=\"\"><i class=\"icon icon-mail\" style=\"\"><\/i><\/span><h3><a href=\"mailto:info@restaurantcanmauri.com\" target=\"_self\">info@restaurantcanmauri.com<\/a><\/h3><div class=\"side_icon_box_content\"><\/div><\/div>[\/vc_column][\/vc_row]<\/p>\n<\/div>","protected":false},"excerpt":{"rendered":"<p>[vc_row full_width=&#8221;stretch_row&#8221; equal_height=&#8221;yes&#8221; content_placement=&#8221;middle&#8221; bg_type=&#8221;image&#8221; bg_image_new=&#8221;1125&#8243; bg_image_repeat=&#8221;no-repeat&#8221; css=&#8221;.vc_custom_1740396271943{margin-right: 5px !important;margin-left: 5px !important;}&#8221;][vc_column][vc_column_text el_class=&#8221;tituloMenu&#8221;] Local esdeveniments familiars Poliny\u00e0 [\/vc_column_text][\/vc_column][\/vc_row][vc_row][vc_column][\/vc_column][\/vc_row][vc_row full_width=&#8221;stretch_row_content_no_spaces&#8221; equal_height=&#8221;yes&#8221; css=&#8221;.vc_custom_1740396287516{margin-right: 5px !important;margin-left: 5px !important;}&#8221;][vc_column width=&#8221;1\/2&#8243;][vc_column_text el_class=&#8221;tituloMenu3&#8243; css=&#8221;.vc_custom_1752665289281{margin-right: 70px !important;margin-left: 80px !important;}&#8221;] Organitza el teu esdeveniment familiar a Can Mauri i gaudeix d&#8217;un espai \u00fanic i personalitzat A Can Mauri, sabem que cada esdeveniment familiar \u00e9s una ocasi\u00f3 especial que<\/p>\n<div class=\"h10\"><\/div>\n<p><a class=\"more-link1\" href=\"https:\/\/canmauri.com\/ca\/local-esdeveniments-familiars-polinya\/\">Read more<\/a><\/p>\n","protected":false},"author":7,"featured_media":0,"parent":0,"menu_order":0,"comment_status":"closed","ping_status":"closed","template":"","meta":{"_vp_format_video_url":"","_vp_image_focal_point":[],"footnotes":""},"class_list":["post-7737","page","type-page","status-publish","hentry"],"yoast_head":"<!-- This site is optimized with the Yoast SEO plugin v26.2 - https:\/\/yoast.com\/wordpress\/plugins\/seo\/ -->\n<title>Salones y exteriores encantadores para eventos - Can Mauri<\/title>\n<meta name=\"description\" content=\"Celebra els teus moments especials amb un local per a esdeveniments familiars a Poliny\u00e0. Oferim espais adaptables i men\u00fas personalitzats.\" \/>\n<meta name=\"robots\" content=\"index, follow, max-snippet:-1, max-image-preview:large, max-video-preview:-1\" \/>\n<link rel=\"canonical\" href=\"https:\/\/canmauri.com\/ca\/local-esdeveniments-familiars-polinya\/\" \/>\n<meta property=\"og:locale\" content=\"ca_ES\" \/>\n<meta property=\"og:type\" content=\"article\" \/>\n<meta property=\"og:title\" content=\"Salones y exteriores encantadores para eventos - Can Mauri\" \/>\n<meta property=\"og:description\" content=\"Celebra els teus moments especials amb un local per a esdeveniments familiars a Poliny\u00e0. Oferim espais adaptables i men\u00fas personalitzats.\" \/>\n<meta property=\"og:url\" content=\"https:\/\/canmauri.com\/ca\/local-esdeveniments-familiars-polinya\/\" \/>\n<meta property=\"og:site_name\" content=\"Can Mauri\" \/>\n<meta property=\"article:modified_time\" content=\"2025-07-16T11:28:41+00:00\" \/>\n<meta name=\"twitter:card\" content=\"summary_large_image\" \/>\n<meta name=\"twitter:label1\" content=\"Temps estimat de lectura\" \/>\n\t<meta name=\"twitter:data1\" content=\"4 minuts\" \/>\n<script type=\"application\/ld+json\" class=\"yoast-schema-graph\">{\"@context\":\"https:\/\/schema.org\",\"@graph\":[{\"@type\":\"WebPage\",\"@id\":\"https:\/\/canmauri.com\/ca\/local-esdeveniments-familiars-polinya\/\",\"url\":\"https:\/\/canmauri.com\/ca\/local-esdeveniments-familiars-polinya\/\",\"name\":\"Salones y exteriores encantadores para eventos - Can Mauri\",\"isPartOf\":{\"@id\":\"https:\/\/canmauri.com\/#website\"},\"datePublished\":\"2025-07-16T11:26:18+00:00\",\"dateModified\":\"2025-07-16T11:28:41+00:00\",\"description\":\"Celebra els teus moments especials amb un local per a esdeveniments familiars a Poliny\u00e0. Oferim espais adaptables i men\u00fas personalitzats.\",\"breadcrumb\":{\"@id\":\"https:\/\/canmauri.com\/ca\/local-esdeveniments-familiars-polinya\/#breadcrumb\"},\"inLanguage\":\"ca\",\"potentialAction\":[{\"@type\":\"ReadAction\",\"target\":[\"https:\/\/canmauri.com\/ca\/local-esdeveniments-familiars-polinya\/\"]}]},{\"@type\":\"BreadcrumbList\",\"@id\":\"https:\/\/canmauri.com\/ca\/local-esdeveniments-familiars-polinya\/#breadcrumb\",\"itemListElement\":[{\"@type\":\"ListItem\",\"position\":1,\"name\":\"Portada\",\"item\":\"https:\/\/canmauri.com\/ca\/\"},{\"@type\":\"ListItem\",\"position\":2,\"name\":\"Local esdeveniments familiars Poliny\u00e0\"}]},{\"@type\":\"WebSite\",\"@id\":\"https:\/\/canmauri.com\/#website\",\"url\":\"https:\/\/canmauri.com\/\",\"name\":\"Can Mauri\",\"description\":\"\",\"potentialAction\":[{\"@type\":\"SearchAction\",\"target\":{\"@type\":\"EntryPoint\",\"urlTemplate\":\"https:\/\/canmauri.com\/?s={search_term_string}\"},\"query-input\":{\"@type\":\"PropertyValueSpecification\",\"valueRequired\":true,\"valueName\":\"search_term_string\"}}],\"inLanguage\":\"ca\"}]}<\/script>\n<!-- \/ Yoast SEO plugin. -->","yoast_head_json":{"title":"Salones y exteriores encantadores para eventos - Can Mauri","description":"Celebra els teus moments especials amb un local per a esdeveniments familiars a Poliny\u00e0. Oferim espais adaptables i men\u00fas personalitzats.","robots":{"index":"index","follow":"follow","max-snippet":"max-snippet:-1","max-image-preview":"max-image-preview:large","max-video-preview":"max-video-preview:-1"},"canonical":"https:\/\/canmauri.com\/ca\/local-esdeveniments-familiars-polinya\/","og_locale":"ca_ES","og_type":"article","og_title":"Salones y exteriores encantadores para eventos - Can Mauri","og_description":"Celebra els teus moments especials amb un local per a esdeveniments familiars a Poliny\u00e0. Oferim espais adaptables i men\u00fas personalitzats.","og_url":"https:\/\/canmauri.com\/ca\/local-esdeveniments-familiars-polinya\/","og_site_name":"Can Mauri","article_modified_time":"2025-07-16T11:28:41+00:00","twitter_card":"summary_large_image","twitter_misc":{"Temps estimat de lectura":"4 minuts"},"schema":{"@context":"https:\/\/schema.org","@graph":[{"@type":"WebPage","@id":"https:\/\/canmauri.com\/ca\/local-esdeveniments-familiars-polinya\/","url":"https:\/\/canmauri.com\/ca\/local-esdeveniments-familiars-polinya\/","name":"Salones y exteriores encantadores para eventos - Can Mauri","isPartOf":{"@id":"https:\/\/canmauri.com\/#website"},"datePublished":"2025-07-16T11:26:18+00:00","dateModified":"2025-07-16T11:28:41+00:00","description":"Celebra els teus moments especials amb un local per a esdeveniments familiars a Poliny\u00e0. Oferim espais adaptables i men\u00fas personalitzats.","breadcrumb":{"@id":"https:\/\/canmauri.com\/ca\/local-esdeveniments-familiars-polinya\/#breadcrumb"},"inLanguage":"ca","potentialAction":[{"@type":"ReadAction","target":["https:\/\/canmauri.com\/ca\/local-esdeveniments-familiars-polinya\/"]}]},{"@type":"BreadcrumbList","@id":"https:\/\/canmauri.com\/ca\/local-esdeveniments-familiars-polinya\/#breadcrumb","itemListElement":[{"@type":"ListItem","position":1,"name":"Portada","item":"https:\/\/canmauri.com\/ca\/"},{"@type":"ListItem","position":2,"name":"Local esdeveniments familiars Poliny\u00e0"}]},{"@type":"WebSite","@id":"https:\/\/canmauri.com\/#website","url":"https:\/\/canmauri.com\/","name":"Can Mauri","description":"","potentialAction":[{"@type":"SearchAction","target":{"@type":"EntryPoint","urlTemplate":"https:\/\/canmauri.com\/?s={search_term_string}"},"query-input":{"@type":"PropertyValueSpecification","valueRequired":true,"valueName":"search_term_string"}}],"inLanguage":"ca"}]}},"_links":{"self":[{"href":"https:\/\/canmauri.com\/ca\/wp-json\/wp\/v2\/pages\/7737","targetHints":{"allow":["GET"]}}],"collection":[{"href":"https:\/\/canmauri.com\/ca\/wp-json\/wp\/v2\/pages"}],"about":[{"href":"https:\/\/canmauri.com\/ca\/wp-json\/wp\/v2\/types\/page"}],"author":[{"embeddable":true,"href":"https:\/\/canmauri.com\/ca\/wp-json\/wp\/v2\/users\/7"}],"replies":[{"embeddable":true,"href":"https:\/\/canmauri.com\/ca\/wp-json\/wp\/v2\/comments?post=7737"}],"version-history":[{"count":4,"href":"https:\/\/canmauri.com\/ca\/wp-json\/wp\/v2\/pages\/7737\/revisions"}],"predecessor-version":[{"id":7768,"href":"https:\/\/canmauri.com\/ca\/wp-json\/wp\/v2\/pages\/7737\/revisions\/7768"}],"wp:attachment":[{"href":"https:\/\/canmauri.com\/ca\/wp-json\/wp\/v2\/media?parent=7737"}],"curies":[{"name":"wp","href":"https:\/\/api.w.org\/{rel}","templated":true}]}}